{"id":57,"date":"2025-02-21T17:27:13","date_gmt":"2025-02-21T16:27:13","guid":{"rendered":"https:\/\/s-e-g.ca\/?page_id=57"},"modified":"2026-05-04T10:59:00","modified_gmt":"2026-05-04T14:59:00","slug":"foire-aux-questions","status":"publish","type":"page","link":"https:\/\/s-e-g.ca\/fr\/foire-aux-questions\/","title":{"rendered":"Foire aux questions"},"content":{"rendered":"\n<div class=\"wp-block-ab-animate\">\n<div class=\"container padding-18px bs-2iqthh\">\n<div class=\"wp-block-ab-animate\"><div class=\"wp-block-image\">\n<figure class=\"aligncenter size-full bs-ZW9UI8\"><img decoding=\"async\" src=\"https:\/\/s-e-g.ca\/wp-content\/uploads\/2025\/03\/Groupe-796.svg\" alt=\"\" class=\"wp-image-722\"\/><\/figure>\n<\/div>\n\n\n<p class=\"has-text-align-center has-text-color has-link-color bs-Z25m8sc mx-auto wp-elements-97706fa343179daa342798f3b10e8213 wp-block-paragraph\" style=\"color:#0d576a\">Si vous ne trouvez pas la r\u00e9ponse \u00e0 votre question ici, n\u2019h\u00e9sitez pas \u00e0 communiquer avec nous. Nous serons ravis de vous fournir les \u00e9l\u00e9ments d\u2019informations n\u00e9cessaires.<\/p>\n<\/div>\n\n\n\t\t\t\t\t\t\t\t\t\t\t\t\t<div class=\"faqs\">\n\t\t\t\t\t\t<div class=\"faqs--content\">\n\t\t\t\t\t\t\t<div class=\"faqs--container\">\n\t\t\t\t\t\t\t\t<div class=\"faqs--liste\">\n\t\t\t\t\t\t\t\t\t\t\t\t\t\t\t\t\t\t\t\t\t\t\t\t\t\t\t\t\t\t\t\t\t\t\t\t\t\t\t\t\t\t\t\t\t\t\t\t\t\t\t\t\t\t\t\t\t\t\t\t\t\t\t\t\t\t\t\t\t\t\t\t\t\t\t\t\t\t\t\t\t\t\t\t\t\t\t\t\t\t\t\t\t\t\t\t\t\t\t\t\t\t\t\t\t\t\t\t\t\t\t\t\t\t\t\t\t\t\t\t\t\t\t\t\t\t\t\t\t\t\t\t\t\t\t\t\t\t\t\t\t\t\t\t\t\t\t\t\t\t\t\t\t\t\t\t\t\t\t\t\t\t\t\t\t\t\t\t\t\t\t\t\t\t\t\t\t\t\t\t\t\t\t\t\t\t\t\t\t\t\t\t\t\t\t\t\t\t\t\t\t\t\t\t\t\t\t\t\t\t\t\t\t\t\t\t\t\t\t\t\t\t\t\t\t\t\t\t\t\t\t\t\t\t\t\t\t\t\t\t\t\t\t\t\t\t\t\t\t\t\t\t\t\t\t\t\t\t\t\t\t\t\t\t\t\t\t\t\t\t\t\t\t\t\t\t\t\t\t\t\t\t\t\t\t\t\t\t\t\t\t\t\t\t\t\t\t\t\t\t\t\t\t\t\t\t\t\t\t\t\t\t\t\t\t\t\t\t\t\t\t\t\t\t\t\t\t\t\t\t\t\t\t\t\t\t\t\t\t\t\t\t\t\t\t\t\t\t\t\t\t\t\t\t\t\t\t\t\t\t\t\t\t\t\t\t\t\t\t\t\t\t\t\t\t\t\t\t\t\t\t\t\t\t\t\t\t\t\t\t\t\t\t\t\t\t\t\t\t\t\t\t\t\t\t\t\t\t\t\t\t\t\t\t\t\t\t\t\t\t\t\t\t\t\t\t\t\t\t\t\t\t\t\t\t\t\t\t\t\t\t\t\t\t\t\t\t\t\t\t\t\t\t\t\t\t\t\t\t\t\t\t\t\t\t\t\t\t\t\t\t\t\t\t\t\t\t\t\t\t\t\t\t\t\t\t\t\t\t\t\t\t\t\t\t\t\t\t\t\t\t\t\t\t\t\t\t\t\t\t\t\t\t\t\t\t\t\t\t\t\t\t\t\t\t\t\t\t\t\t\t\t\t\t\t\t\t\t\t\t\t\t\t\t\t\t\t\t\t\t\t\t\t\t\t\t\t\t\t\t\t\t\t\t\t\t\t\t\t\t\t\t\t\t\t\t\t\t\t\t\t\t\t\t\t\t\t\t\t\t\t\t\t\t\t\t\t\t\t\t\t\t\t\t\t\t\t\t\t\t\t\t\t\t\t\t\t\t\t\t\t\t\t\t\t\t\t\t\t\t\t\t\t\t\t\t\t\t\t\t\t\t\t\t\t\t\t\t\t\t\t\t\t\t\t\t\t\t\t\t\t\t\t\t\t\t\t\t\t\t\t\t\t\t\t\t\t\t\t\t\t\t\t\t\t\t\t\t\t\t\t\t\t\t\t\t\t\t\t\t\t\t\t\t\t\t\t<div class=\"first\"><div class=\"faqs--item\">\n\t\t\t\t\t\t\t\t\t\t\t\t<div class=\"faqs--item--content\">\n\t\t\t\t\t\t\t\t\t\t\t\t\t<div class=\"faqs--item--container\">\n\t\t\t\t\t\t\t\t\t\t\t\t\t\t<div class=\"faqs--item--header\">\n\t\t\t\t\t\t\t\t\t\t\t\t\t\t\t<h2 class=\"faqs--item--title\">La dur\u00e9e de la transition ?<\/h2>\n\t\t\t\t\t\t\t\t\t\t\t\t\t\t<\/div>\n\t\t\t\t\t\t\t\t\t\t\t\t\t\t<div class=\"faqs--item--contenu\">\n\t\t\t\t\t\t\t\t\t\t\t\t\t\t\t<div class=\"faqs--item--contenu--texte\"><p>La dur\u00e9e peut varier en fonction de la d\u00e9cision de la CLCC et de ses exigences, de votre statut au moment de votre mise en libert\u00e9 ainsi que de la dur\u00e9e de votre sentence. Le s\u00e9jour moyen est d\u2019environ 6 mois, mais certains auront de courts s\u00e9jours et d\u2019autres peuvent demeurer dans nos ressources 18 \u00e0 24 mois si n\u00e9cessaire.<\/p>\n\n\t\t\t\t\t\t\t\t\t\t\t\t\t\t\t<\/div>\n\t\t\t\t\t\t\t\t\t\t\t\t\t\t<\/div>\n\t\t\t\t\t\t\t\t\t\t\t\t\t<\/div>\n\t\t\t\t\t\t\t\t\t\t\t\t<\/div>\n\t\t\t\t\t\t\t\t\t\t\t<\/div><div class=\"faqs--item\">\n\t\t\t\t\t\t\t\t\t\t\t\t<div class=\"faqs--item--content\">\n\t\t\t\t\t\t\t\t\t\t\t\t\t<div class=\"faqs--item--container\">\n\t\t\t\t\t\t\t\t\t\t\t\t\t\t<div class=\"faqs--item--header\">\n\t\t\t\t\t\t\t\t\t\t\t\t\t\t\t<h2 class=\"faqs--item--title\">Les chambres ?<\/h2>\n\t\t\t\t\t\t\t\t\t\t\t\t\t\t<\/div>\n\t\t\t\t\t\t\t\t\t\t\t\t\t\t<div class=\"faqs--item--contenu\">\n\t\t\t\t\t\t\t\t\t\t\t\t\t\t\t<div class=\"faqs--item--contenu--texte\"><p>G\u00e9n\u00e9ralement, les chambres sont simples ou doubles. Elles sont spacieuses tout comme les autres pi\u00e8ces de nos centres. De plus, les lieux autant int\u00e9rieurs qu\u2019ext\u00e9rieurs sont am\u00e9nag\u00e9s pour vous assurer un plein confort.<\/p>\n\n\t\t\t\t\t\t\t\t\t\t\t\t\t\t\t<\/div>\n\t\t\t\t\t\t\t\t\t\t\t\t\t\t<\/div>\n\t\t\t\t\t\t\t\t\t\t\t\t\t<\/div>\n\t\t\t\t\t\t\t\t\t\t\t\t<\/div>\n\t\t\t\t\t\t\t\t\t\t\t<\/div><div class=\"faqs--item\">\n\t\t\t\t\t\t\t\t\t\t\t\t<div class=\"faqs--item--content\">\n\t\t\t\t\t\t\t\t\t\t\t\t\t<div class=\"faqs--item--container\">\n\t\t\t\t\t\t\t\t\t\t\t\t\t\t<div class=\"faqs--item--header\">\n\t\t\t\t\t\t\t\t\t\t\t\t\t\t\t<h2 class=\"faqs--item--title\">Les repas ?<\/h2>\n\t\t\t\t\t\t\t\t\t\t\t\t\t\t<\/div>\n\t\t\t\t\t\t\t\t\t\t\t\t\t\t<div class=\"faqs--item--contenu\">\n\t\t\t\t\t\t\t\t\t\t\t\t\t\t\t<div class=\"faqs--item--contenu--texte\"><p>Sur semaine, une cuisini\u00e8re pr\u00e9pare des mets \u00e9quilibr\u00e9s pour les repas du d\u00eener et du souper. Ceux qui le d\u00e9sirent peuvent cuisiner en soir\u00e9e leur propre nourriture. La pr\u00e9paration des d\u00e9jeuners et des repas de fin de semaine est laiss\u00e9e \u00e0 la discr\u00e9tion des r\u00e9sidents\u00a0\u00e0 partir de la nourriture fournie. Pour les travailleurs, toute la nourriture n\u00e9cessaire \u00e0 la pr\u00e9paration d\u2019un \u00ab lunch \u00bb est accessible. Des accommodements existent pour les r\u00e9sidents ayant un r\u00e9gime particulier d\u00e9coulant de leurs croyances religieuses.<\/p>\n\n\t\t\t\t\t\t\t\t\t\t\t\t\t\t\t<\/div>\n\t\t\t\t\t\t\t\t\t\t\t\t\t\t<\/div>\n\t\t\t\t\t\t\t\t\t\t\t\t\t<\/div>\n\t\t\t\t\t\t\t\t\t\t\t\t<\/div>\n\t\t\t\t\t\t\t\t\t\t\t<\/div><div class=\"faqs--item\">\n\t\t\t\t\t\t\t\t\t\t\t\t<div class=\"faqs--item--content\">\n\t\t\t\t\t\t\t\t\t\t\t\t\t<div class=\"faqs--item--container\">\n\t\t\t\t\t\t\t\t\t\t\t\t\t\t<div class=\"faqs--item--header\">\n\t\t\t\t\t\t\t\t\t\t\t\t\t\t\t<h2 class=\"faqs--item--title\">Les suspensions ?<\/h2>\n\t\t\t\t\t\t\t\t\t\t\t\t\t\t<\/div>\n\t\t\t\t\t\t\t\t\t\t\t\t\t\t<div class=\"faqs--item--contenu\">\n\t\t\t\t\t\t\t\t\t\t\t\t\t\t\t<div class=\"faqs--item--contenu--texte\"><p>D\u2019abord, pr\u00e9cisons que de mettre un terme \u00e0 votre libert\u00e9 s\u2019av\u00e8re la mesure de dernier recours. Par contre, si vous ne respectez pas vos conditions sp\u00e9ciales impos\u00e9es par la CLCC ou encore si vous ne respectez pas vos engagements envers le CRC et ce, malgr\u00e9 les interventions de votre \u00e9quipe clinique, la suspension de votre lib\u00e9ration pourrait \u00eatre envisag\u00e9e par votre ALC. L\u2019\u00e9quipe du CRC pourrait quant \u00e0 elle retirer son support et vous vous verriez dans l\u2019obligation de transf\u00e9rer dans une autre ressource.<\/p>\n\n\t\t\t\t\t\t\t\t\t\t\t\t\t\t\t<\/div>\n\t\t\t\t\t\t\t\t\t\t\t\t\t\t<\/div>\n\t\t\t\t\t\t\t\t\t\t\t\t\t<\/div>\n\t\t\t\t\t\t\t\t\t\t\t\t<\/div>\n\t\t\t\t\t\t\t\t\t\t\t<\/div><div class=\"faqs--item\">\n\t\t\t\t\t\t\t\t\t\t\t\t<div class=\"faqs--item--content\">\n\t\t\t\t\t\t\t\t\t\t\t\t\t<div class=\"faqs--item--container\">\n\t\t\t\t\t\t\t\t\t\t\t\t\t\t<div class=\"faqs--item--header\">\n\t\t\t\t\t\t\t\t\t\t\t\t\t\t\t<h2 class=\"faqs--item--title\">Le travail de nuit ?<\/h2>\n\t\t\t\t\t\t\t\t\t\t\t\t\t\t<\/div>\n\t\t\t\t\t\t\t\t\t\t\t\t\t\t<div class=\"faqs--item--contenu\">\n\t\t\t\t\t\t\t\t\t\t\t\t\t\t\t<div class=\"faqs--item--contenu--texte\"><p>S\u2019il s\u2019agit d\u2019un travail d\u00e9clar\u00e9 qui respecte les conditions de votre statut et les exigences de la maison de transition, le travail de nuit est autoris\u00e9. Dans ce cas, le respect des 6 heures de pr\u00e9sence obligatoire demeure essentiel, mais le tout est ajust\u00e9 \u00e0 votre horaire particulier.<\/p>\n\n\t\t\t\t\t\t\t\t\t\t\t\t\t\t\t<\/div>\n\t\t\t\t\t\t\t\t\t\t\t\t\t\t<\/div>\n\t\t\t\t\t\t\t\t\t\t\t\t\t<\/div>\n\t\t\t\t\t\t\t\t\t\t\t\t<\/div>\n\t\t\t\t\t\t\t\t\t\t\t<\/div><div class=\"faqs--item\">\n\t\t\t\t\t\t\t\t\t\t\t\t<div class=\"faqs--item--content\">\n\t\t\t\t\t\t\t\t\t\t\t\t\t<div class=\"faqs--item--container\">\n\t\t\t\t\t\t\t\t\t\t\t\t\t\t<div class=\"faqs--item--header\">\n\t\t\t\t\t\t\t\t\t\t\t\t\t\t\t<h2 class=\"faqs--item--title\">Dois-je payer une pension ?<\/h2>\n\t\t\t\t\t\t\t\t\t\t\t\t\t\t<\/div>\n\t\t\t\t\t\t\t\t\t\t\t\t\t\t<div class=\"faqs--item--contenu\">\n\t\t\t\t\t\t\t\t\t\t\t\t\t\t\t<div class=\"faqs--item--contenu--texte\"><p>Non. Cependant, lorsque vous b\u00e9n\u00e9ficiez d\u2019une source de revenus ou d\u2019une allocation du SCC, vous devez payer 1$ par semaine pour contribuer au fonds des r\u00e9sidants. Ce fonds est utilis\u00e9 pour financer des pr\u00eats de d\u00e9pannage consentis aux r\u00e9sidants en cours de s\u00e9jour.<\/p>\n\n\t\t\t\t\t\t\t\t\t\t\t\t\t\t\t<\/div>\n\t\t\t\t\t\t\t\t\t\t\t\t\t\t<\/div>\n\t\t\t\t\t\t\t\t\t\t\t\t\t<\/div>\n\t\t\t\t\t\t\t\t\t\t\t\t<\/div>\n\t\t\t\t\t\t\t\t\t\t\t<\/div><div class=\"faqs--item\">\n\t\t\t\t\t\t\t\t\t\t\t\t<div class=\"faqs--item--content\">\n\t\t\t\t\t\t\t\t\t\t\t\t\t<div class=\"faqs--item--container\">\n\t\t\t\t\t\t\t\t\t\t\t\t\t\t<div class=\"faqs--item--header\">\n\t\t\t\t\t\t\t\t\t\t\t\t\t\t\t<h2 class=\"faqs--item--title\">Les visites ?<\/h2>\n\t\t\t\t\t\t\t\t\t\t\t\t\t\t<\/div>\n\t\t\t\t\t\t\t\t\t\t\t\t\t\t<div class=\"faqs--item--contenu\">\n\t\t\t\t\t\t\t\t\t\t\t\t\t\t\t<div class=\"faqs--item--contenu--texte\"><p>Il est possible de recevoir des visiteurs dans nos CRC, mais ils doivent signer un registre \u00e0 leur arriv\u00e9e et \u00e0 leur d\u00e9part et il y a un horaire de visites. De plus, dans certaines circonstances nous nous gardons le droit de refuser l\u2019acc\u00e8s \u00e0 tout visiteur si n\u00e9cessaire.<\/p>\n\n\t\t\t\t\t\t\t\t\t\t\t\t\t\t\t<\/div>\n\t\t\t\t\t\t\t\t\t\t\t\t\t\t<\/div>\n\t\t\t\t\t\t\t\t\t\t\t\t\t<\/div>\n\t\t\t\t\t\t\t\t\t\t\t\t<\/div>\n\t\t\t\t\t\t\t\t\t\t\t<\/div><div class=\"faqs--item\">\n\t\t\t\t\t\t\t\t\t\t\t\t<div class=\"faqs--item--content\">\n\t\t\t\t\t\t\t\t\t\t\t\t\t<div class=\"faqs--item--container\">\n\t\t\t\t\t\t\t\t\t\t\t\t\t\t<div class=\"faqs--item--header\">\n\t\t\t\t\t\t\t\t\t\t\t\t\t\t\t<h2 class=\"faqs--item--title\">Les permissions (laissez-passer) de fin de semaine ?<\/h2>\n\t\t\t\t\t\t\t\t\t\t\t\t\t\t<\/div>\n\t\t\t\t\t\t\t\t\t\t\t\t\t\t<div class=\"faqs--item--contenu\">\n\t\t\t\t\t\t\t\t\t\t\t\t\t\t\t<div class=\"faqs--item--contenu--texte\"><p>Selon votre statut lib\u00e9ratoire et vos conditions sp\u00e9ciales, des laissez-passer de fin de semaine sont octroy\u00e9es selon un syst\u00e8me progressif. Pr\u00e9cisions que celles-ci constituent un privil\u00e8ge et sont conditionnelles \u00e0 votre bon cheminement dans votre d\u00e9marche de r\u00e9insertion sociale. Il y a \u00e9galement des modalit\u00e9s \u00e0 respecter durant votre p\u00e9riode de d\u00e9couchage pour y avoir droit.<\/p>\n\n\t\t\t\t\t\t\t\t\t\t\t\t\t\t\t<\/div>\n\t\t\t\t\t\t\t\t\t\t\t\t\t\t<\/div>\n\t\t\t\t\t\t\t\t\t\t\t\t\t<\/div>\n\t\t\t\t\t\t\t\t\t\t\t\t<\/div>\n\t\t\t\t\t\t\t\t\t\t\t<\/div><div class=\"faqs--item\">\n\t\t\t\t\t\t\t\t\t\t\t\t<div class=\"faqs--item--content\">\n\t\t\t\t\t\t\t\t\t\t\t\t\t<div class=\"faqs--item--container\">\n\t\t\t\t\t\t\t\t\t\t\t\t\t\t<div class=\"faqs--item--header\">\n\t\t\t\t\t\t\t\t\t\t\t\t\t\t\t<h2 class=\"faqs--item--title\">Le travail au noir ?<\/h2>\n\t\t\t\t\t\t\t\t\t\t\t\t\t\t<\/div>\n\t\t\t\t\t\t\t\t\t\t\t\t\t\t<div class=\"faqs--item--contenu\">\n\t\t\t\t\t\t\t\t\t\t\t\t\t\t\t<div class=\"faqs--item--contenu--texte\"><p>Nous demandons un travail stable et d\u00e9clar\u00e9 et ce, dans le but de vous aider \u00e0 reb\u00e2tir votre cr\u00e9dibilit\u00e9 et votre solvabilit\u00e9 financi\u00e8re.<\/p>\n\n\t\t\t\t\t\t\t\t\t\t\t\t\t\t\t<\/div>\n\t\t\t\t\t\t\t\t\t\t\t\t\t\t<\/div>\n\t\t\t\t\t\t\t\t\t\t\t\t\t<\/div>\n\t\t\t\t\t\t\t\t\t\t\t\t<\/div>\n\t\t\t\t\t\t\t\t\t\t\t<\/div><\/div>\n\t\t\t\t\t\t\t\t\t<div class=\"second\"><div class=\"faqs--item\">\n\t\t\t\t\t\t\t\t\t\t\t\t<div class=\"faqs--item--content\">\n\t\t\t\t\t\t\t\t\t\t\t\t\t<div class=\"faqs--item--container\">\n\t\t\t\t\t\t\t\t\t\t\t\t\t\t<div class=\"faqs--item--header\">\n\t\t\t\t\t\t\t\t\t\t\t\t\t\t\t<h2 class=\"faqs--item--title\">Ma voiture ?<\/h2>\n\t\t\t\t\t\t\t\t\t\t\t\t\t\t<\/div>\n\t\t\t\t\t\t\t\t\t\t\t\t\t\t<div class=\"faqs--item--contenu\">\n\t\t\t\t\t\t\t\t\t\t\t\t\t\t\t<div class=\"faqs--item--contenu--texte\"><p>Si votre situation financi\u00e8re vous le permet et que votre dossier aupr\u00e8s de la SAAQ est en r\u00e8gle, vous pouvez poss\u00e9der une voiture.<\/p>\n\n\t\t\t\t\t\t\t\t\t\t\t\t\t\t\t<\/div>\n\t\t\t\t\t\t\t\t\t\t\t\t\t\t<\/div>\n\t\t\t\t\t\t\t\t\t\t\t\t\t<\/div>\n\t\t\t\t\t\t\t\t\t\t\t\t<\/div>\n\t\t\t\t\t\t\t\t\t\t\t<\/div><div class=\"faqs--item\">\n\t\t\t\t\t\t\t\t\t\t\t\t<div class=\"faqs--item--content\">\n\t\t\t\t\t\t\t\t\t\t\t\t\t<div class=\"faqs--item--container\">\n\t\t\t\t\t\t\t\t\t\t\t\t\t\t<div class=\"faqs--item--header\">\n\t\t\t\t\t\t\t\t\t\t\t\t\t\t\t<h2 class=\"faqs--item--title\">Pr\u00e9sences obligatoires ?<\/h2>\n\t\t\t\t\t\t\t\t\t\t\t\t\t\t<\/div>\n\t\t\t\t\t\t\t\t\t\t\t\t\t\t<div class=\"faqs--item--contenu\">\n\t\t\t\t\t\t\t\t\t\t\t\t\t\t\t<div class=\"faqs--item--contenu--texte\"><p>Afin de favoriser la vie communautaire et de mieux vous conna\u00eetre, il y a des pr\u00e9sences obligatoires aux d\u00eeners et\/ou aux soupers. Leur nombre varie selon l\u2019\u00e9tape \u00e0 laquelle vous \u00eates rendus dans votre s\u00e9jour, votre statut lib\u00e9ratoire et l\u2019encadrement mis en place par votre \u00e9quipe de gestion de cas.<\/p>\n\n\t\t\t\t\t\t\t\t\t\t\t\t\t\t\t<\/div>\n\t\t\t\t\t\t\t\t\t\t\t\t\t\t<\/div>\n\t\t\t\t\t\t\t\t\t\t\t\t\t<\/div>\n\t\t\t\t\t\t\t\t\t\t\t\t<\/div>\n\t\t\t\t\t\t\t\t\t\t\t<\/div><div class=\"faqs--item\">\n\t\t\t\t\t\t\t\t\t\t\t\t<div class=\"faqs--item--content\">\n\t\t\t\t\t\t\t\t\t\t\t\t\t<div class=\"faqs--item--container\">\n\t\t\t\t\t\t\t\t\t\t\t\t\t\t<div class=\"faqs--item--header\">\n\t\t\t\t\t\t\t\t\t\t\t\t\t\t\t<h2 class=\"faqs--item--title\">Couvre-feux ?<\/h2>\n\t\t\t\t\t\t\t\t\t\t\t\t\t\t<\/div>\n\t\t\t\t\t\t\t\t\t\t\t\t\t\t<div class=\"faqs--item--contenu\">\n\t\t\t\t\t\t\t\t\t\t\t\t\t\t\t<div class=\"faqs--item--contenu--texte\"><p>Le couvre-feu sur semaine est 00h00. Le vendredi et le samedi, le couvre-feu est \u00e0 02h00 et ce, dans tous les CRC.<\/p>\n\n\t\t\t\t\t\t\t\t\t\t\t\t\t\t\t<\/div>\n\t\t\t\t\t\t\t\t\t\t\t\t\t\t<\/div>\n\t\t\t\t\t\t\t\t\t\t\t\t\t<\/div>\n\t\t\t\t\t\t\t\t\t\t\t\t<\/div>\n\t\t\t\t\t\t\t\t\t\t\t<\/div><div class=\"faqs--item\">\n\t\t\t\t\t\t\t\t\t\t\t\t<div class=\"faqs--item--content\">\n\t\t\t\t\t\t\t\t\t\t\t\t\t<div class=\"faqs--item--container\">\n\t\t\t\t\t\t\t\t\t\t\t\t\t\t<div class=\"faqs--item--header\">\n\t\t\t\t\t\t\t\t\t\t\t\t\t\t\t<h2 class=\"faqs--item--title\">Qu\u2019est-ce que le manque de transparence ?<\/h2>\n\t\t\t\t\t\t\t\t\t\t\t\t\t\t<\/div>\n\t\t\t\t\t\t\t\t\t\t\t\t\t\t<div class=\"faqs--item--contenu\">\n\t\t\t\t\t\t\t\t\t\t\t\t\t\t\t<div class=\"faqs--item--contenu--texte\"><p>La transparence, c\u2019est \u00ab donner l\u2019heure juste \u00bb et faire preuve d\u2019honn\u00eatet\u00e9 avec votre conseiller clinique concernant votre quotidien.<\/p>\n\n\t\t\t\t\t\t\t\t\t\t\t\t\t\t\t<\/div>\n\t\t\t\t\t\t\t\t\t\t\t\t\t\t<\/div>\n\t\t\t\t\t\t\t\t\t\t\t\t\t<\/div>\n\t\t\t\t\t\t\t\t\t\t\t\t<\/div>\n\t\t\t\t\t\t\t\t\t\t\t<\/div><div class=\"faqs--item\">\n\t\t\t\t\t\t\t\t\t\t\t\t<div class=\"faqs--item--content\">\n\t\t\t\t\t\t\t\t\t\t\t\t\t<div class=\"faqs--item--container\">\n\t\t\t\t\t\t\t\t\t\t\t\t\t\t<div class=\"faqs--item--header\">\n\t\t\t\t\t\t\t\t\t\t\t\t\t\t\t<h2 class=\"faqs--item--title\">Lib\u00e9ration d\u2019office avec assignation \u00e0 r\u00e9sidence ?<\/h2>\n\t\t\t\t\t\t\t\t\t\t\t\t\t\t<\/div>\n\t\t\t\t\t\t\t\t\t\t\t\t\t\t<div class=\"faqs--item--contenu\">\n\t\t\t\t\t\t\t\t\t\t\t\t\t\t\t<div class=\"faqs--item--contenu--texte\"><p>Les cas de lib\u00e9ration d\u2019office avec assignation \u00e0 r\u00e9sidence sont admissibles \u00e0 nos programmes. Vous devez cependant d\u00e9montrer une r\u00e9elle motivation et r\u00e9pondre \u00e0 nos crit\u00e8res d\u2019admissibilit\u00e9.<\/p>\n\n\t\t\t\t\t\t\t\t\t\t\t\t\t\t\t<\/div>\n\t\t\t\t\t\t\t\t\t\t\t\t\t\t<\/div>\n\t\t\t\t\t\t\t\t\t\t\t\t\t<\/div>\n\t\t\t\t\t\t\t\t\t\t\t\t<\/div>\n\t\t\t\t\t\t\t\t\t\t\t<\/div><div class=\"faqs--item\">\n\t\t\t\t\t\t\t\t\t\t\t\t<div class=\"faqs--item--content\">\n\t\t\t\t\t\t\t\t\t\t\t\t\t<div class=\"faqs--item--container\">\n\t\t\t\t\t\t\t\t\t\t\t\t\t\t<div class=\"faqs--item--header\">\n\t\t\t\t\t\t\t\t\t\t\t\t\t\t\t<h2 class=\"faqs--item--title\">Demande d\u2019admission\u2009?<\/h2>\n\t\t\t\t\t\t\t\t\t\t\t\t\t\t<\/div>\n\t\t\t\t\t\t\t\t\t\t\t\t\t\t<div class=\"faqs--item--contenu\">\n\t\t\t\t\t\t\t\t\t\t\t\t\t\t\t<div class=\"faqs--item--contenu--texte\"><p>Si vous souhaitez faire un s\u00e9jour dans l\u2019un de nos CRC, vous devez en faire la demande \u00e0 votre ALC en \u00e9tablissement le plus t\u00f4t possible et ce, m\u00eame si votre ALC ne vous recommande pas favorablement pour une mise en libert\u00e9. Ainsi, nous pourrons effectuer une \u00e9tude de votre dossier en vue de prendre une d\u00e9cision concernant votre admission et vous assister dans votre d\u00e9marche s\u2019il y a lieu.<\/p>\n\n\t\t\t\t\t\t\t\t\t\t\t\t\t\t\t<\/div>\n\t\t\t\t\t\t\t\t\t\t\t\t\t\t<\/div>\n\t\t\t\t\t\t\t\t\t\t\t\t\t<\/div>\n\t\t\t\t\t\t\t\t\t\t\t\t<\/div>\n\t\t\t\t\t\t\t\t\t\t\t<\/div><div class=\"faqs--item\">\n\t\t\t\t\t\t\t\t\t\t\t\t<div class=\"faqs--item--content\">\n\t\t\t\t\t\t\t\t\t\t\t\t\t<div class=\"faqs--item--container\">\n\t\t\t\t\t\t\t\t\t\t\t\t\t\t<div class=\"faqs--item--header\">\n\t\t\t\t\t\t\t\t\t\t\t\t\t\t\t<h2 class=\"faqs--item--title\">Mon agent ne me recommande pas ?<\/h2>\n\t\t\t\t\t\t\t\t\t\t\t\t\t\t<\/div>\n\t\t\t\t\t\t\t\t\t\t\t\t\t\t<div class=\"faqs--item--contenu\">\n\t\t\t\t\t\t\t\t\t\t\t\t\t\t\t<div class=\"faqs--item--contenu--texte\"><p>D\u00e8s le d\u00e9but de votre incarc\u00e9ration, vous serez inform\u00e9s des attentes de votre agent quant aux programmes auxquels vous devriez prendre part. Ainsi, si vous d\u00e9sirez une recommandation favorable, il est dans votre int\u00e9r\u00eat de vous impliquer dans votre plan correctionnel dans les plus brefs d\u00e9lais.<\/p>\n\n\t\t\t\t\t\t\t\t\t\t\t\t\t\t\t<\/div>\n\t\t\t\t\t\t\t\t\t\t\t\t\t\t<\/div>\n\t\t\t\t\t\t\t\t\t\t\t\t\t<\/div>\n\t\t\t\t\t\t\t\t\t\t\t\t<\/div>\n\t\t\t\t\t\t\t\t\t\t\t<\/div><div class=\"faqs--item\">\n\t\t\t\t\t\t\t\t\t\t\t\t<div class=\"faqs--item--content\">\n\t\t\t\t\t\t\t\t\t\t\t\t\t<div class=\"faqs--item--container\">\n\t\t\t\t\t\t\t\t\t\t\t\t\t\t<div class=\"faqs--item--header\">\n\t\t\t\t\t\t\t\t\t\t\t\t\t\t\t<h2 class=\"faqs--item--title\">Offrez-vous des programmes sp\u00e9cialis\u00e9s ?<\/h2>\n\t\t\t\t\t\t\t\t\t\t\t\t\t\t<\/div>\n\t\t\t\t\t\t\t\t\t\t\t\t\t\t<div class=\"faqs--item--contenu\">\n\t\t\t\t\t\t\t\t\t\t\t\t\t\t\t<div class=\"faqs--item--contenu--texte\"><p>Oui, le CRC Pavillon Prosper-Boulanger accueille des cas de semi-libert\u00e9 de type acc\u00e8s communautaire tandis que le CRC Pavillon Emmanuel-Gr\u00e9goire offre le programme Saimanartuq, d\u00e9di\u00e9 \u00e0 la client\u00e8le innue. Nous vous r\u00e9f\u00e9rons aux programmes dans la section Documents de r\u00e9f\u00e9rence pour de plus amples informations.<\/p>\n\n\t\t\t\t\t\t\t\t\t\t\t\t\t\t\t<\/div>\n\t\t\t\t\t\t\t\t\t\t\t\t\t\t<\/div>\n\t\t\t\t\t\t\t\t\t\t\t\t\t<\/div>\n\t\t\t\t\t\t\t\t\t\t\t\t<\/div>\n\t\t\t\t\t\t\t\t\t\t\t<\/div><\/div>\n\t\t\t\t\t\t\t\t<\/div>\n\t\t\t\t\t\t\t<\/div>\n\t\t\t\t\t\t<\/div>\n\t\t\t\t\t<\/div>\n\t\t\t\t<\/div>\n<\/div>\n","protected":false},"excerpt":{"rendered":"","protected":false},"author":2,"featured_media":0,"parent":0,"menu_order":0,"comment_status":"closed","ping_status":"closed","template":"","meta":{"footnotes":""},"class_list":["post-57","page","type-page","status-publish","hentry"],"_links":{"self":[{"href":"https:\/\/s-e-g.ca\/fr\/wp-json\/wp\/v2\/pages\/57","targetHints":{"allow":["GET"]}}],"collection":[{"href":"https:\/\/s-e-g.ca\/fr\/wp-json\/wp\/v2\/pages"}],"about":[{"href":"https:\/\/s-e-g.ca\/fr\/wp-json\/wp\/v2\/types\/page"}],"author":[{"embeddable":true,"href":"https:\/\/s-e-g.ca\/fr\/wp-json\/wp\/v2\/users\/2"}],"replies":[{"embeddable":true,"href":"https:\/\/s-e-g.ca\/fr\/wp-json\/wp\/v2\/comments?post=57"}],"version-history":[{"count":4,"href":"https:\/\/s-e-g.ca\/fr\/wp-json\/wp\/v2\/pages\/57\/revisions"}],"predecessor-version":[{"id":1697,"href":"https:\/\/s-e-g.ca\/fr\/wp-json\/wp\/v2\/pages\/57\/revisions\/1697"}],"wp:attachment":[{"href":"https:\/\/s-e-g.ca\/fr\/wp-json\/wp\/v2\/media?parent=57"}],"curies":[{"name":"wp","href":"https:\/\/api.w.org\/{rel}","templated":true}]}}