{"id":26,"date":"2025-02-21T13:57:55","date_gmt":"2025-02-21T12:57:55","guid":{"rendered":"https:\/\/s-e-g.ca\/?page_id=26"},"modified":"2026-07-21T11:48:23","modified_gmt":"2026-07-21T15:48:23","slug":"a-propos","status":"publish","type":"page","link":"https:\/\/s-e-g.ca\/fr\/a-propos\/","title":{"rendered":"\u00c0 propos"},"content":{"rendered":"\n<div class=\"wp-block-ab-animate overflow-img bs-Z9cXpv\">\n<div class=\"container bs-Z1hIFk8\">\n<div class=\"container bs-Z1EyWC9\">\n<div class=\"wp-block-group bs-Z1npXyW flex-column flex-xl-row align-items-center flex-lg-column align-items-lg-center is-nowrap is-layout-flex wp-container-core-group-is-layout-8f761849 wp-block-group-is-layout-flex\">\n<h2 class=\"wp-block-heading text-xl-start text-center flex-xl-grow-0 flex-xl-shrink-0 bs-Z19kloe\">D\u00e9couvrez <br><span>notre \u00e9quipe<\/span><\/h2>\n\n\n\n<p class=\"border-left-orange has-text-color has-link-color text-xl-start text-center d-block bs-1MAujN wp-elements-842e98e0ebfae45cf2abe1c2c7e497d2 wp-block-paragraph\" style=\"color:#0d576a\">Nous sommes fiers de notre \u00e9quipe qui regroupe plus de 130 passionn\u00e9s. L\u2019accomplissement de notre mission passe par l\u2019implication des gens qui la r\u00e9alisent. Notre \u00e9quipe cumule expertise et exp\u00e9rience, et travaille ensemble afin d\u2019assurer le support et le bien-\u00eatre de notre client\u00e8le.<\/p>\n<\/div>\n<\/div>\n<\/div>\n\n\n\t\t\t\t\t\t\t\t\t<div class=\"container\">\n\t\t\t\t\t\t<div class=\"bloc_equipe \">\n\t\t\t\t\t\t\t\t\t\t\t\t\t\t\t<div class=\"bloc_equipe--item\">\n\t\t\t\t\t\t\t\t\t<figure>\n\t\t\t\t\t\t\t\t\t\t\t\t\t\t\t\t\t\t\t\t\t<img loading=\"lazy\" decoding=\"async\" width=\"898\" height=\"1226\" src=\"https:\/\/s-e-g.ca\/wp-content\/uploads\/2025\/04\/Carl-WEB.jpg\" class=\"attachment-full size-full\" alt=\"\" srcset=\"https:\/\/s-e-g.ca\/wp-content\/uploads\/2025\/04\/Carl-WEB.jpg 898w, https:\/\/s-e-g.ca\/wp-content\/uploads\/2025\/04\/Carl-WEB-220x300.jpg 220w, https:\/\/s-e-g.ca\/wp-content\/uploads\/2025\/04\/Carl-WEB-750x1024.jpg 750w, https:\/\/s-e-g.ca\/wp-content\/uploads\/2025\/04\/Carl-WEB-768x1049.jpg 768w, https:\/\/s-e-g.ca\/wp-content\/uploads\/2025\/04\/Carl-WEB-18x24.jpg 18w, https:\/\/s-e-g.ca\/wp-content\/uploads\/2025\/04\/Carl-WEB-26x36.jpg 26w, https:\/\/s-e-g.ca\/wp-content\/uploads\/2025\/04\/Carl-WEB-35x48.jpg 35w\" sizes=\"auto, (max-width: 898px) 100vw, 898px\" \/>\t\t\t\t\t\t\t\t\t\t\t\t\t\t\t\t\t\t\t<\/figure>\n\t\t\t\t\t\t\t\t\t<div class=\"description\">\n\t\t\t\t\t\t\t\t\t\t<h2>Carl Veilleux<\/h2>\n\t\t\t\t\t\t\t\t\t\t<p>Directeur g\u00e9n\u00e9ral  <\/p>\n\t\t\t\t\t\t\t\t\t\t<div class=\"contact\">\n\t\t\t\t\t\t\t\t\t\t\t\t\t\t\t\t\t\t\t\t\t\t\t\t\t\t\t\t\t\t\t\t\t\t\t<div>\n\t\t\t\t\t\t\t\t\t\t\t\t\t<figure>\n\t\t\t\t\t\t\t\t\t\t\t\t\t\t<img decoding=\"async\" src=\"https:\/\/s-e-g.ca\/wp-content\/themes\/theme-seg\/assets\/img\/tel.svg\" alt=\"\">\n\t\t\t\t\t\t\t\t\t\t\t\t\t\t<img decoding=\"async\" src=\"https:\/\/s-e-g.ca\/wp-content\/themes\/theme-seg\/assets\/img\/tel-hover.svg\" alt=\"\">\n\t\t\t\t\t\t\t\t\t\t\t\t\t<\/figure>\n\t\t\t\t\t\t\t\t\t\t\t\t\t<p>514 640-5361, poste 202<\/p>\n\t\t\t\t\t\t\t\t\t\t\t\t<\/div>\n\t\t\t\t\t\t\t\t\t\t\t\t\t\t\t\t\t\t\t\t\t\t\t\t\t\t\t\t\t\t\t\t\t\t\t\t\t\t\t\t\t\t\t\t\t\t<a href=\"mailto:carl.veilleux@s-e-g.ca\"  target=\"_blank\" rel=\"noreferrer noopener\">\n\t\t\t\t\t\t\t\t\t\t\t\t\t<div>\n\t\t\t\t\t\t\t\t\t\t\t\t\t\t<figure>\n\t\t\t\t\t\t\t\t\t\t\t\t\t\t\t<img decoding=\"async\" src=\"https:\/\/s-e-g.ca\/wp-content\/themes\/theme-seg\/assets\/img\/mail.svg\" alt=\"\">\n\t\t\t\t\t\t\t\t\t\t\t\t\t\t\t<img decoding=\"async\" src=\"https:\/\/s-e-g.ca\/wp-content\/themes\/theme-seg\/assets\/img\/mail-hover.svg\" alt=\"\">\n\t\t\t\t\t\t\t\t\t\t\t\t\t\t<\/figure>\n\t\t\t\t\t\t\t\t\t\t\t\t\t\t<p>carl.veilleux@s-e-g.ca<\/p>\n\t\t\t\t\t\t\t\t\t\t\t\t\t<\/div>\n\t\t\t\t\t\t\t\t\t\t\t\t<\/a>\n\t\t\t\t\t\t\t\t\t\t\t\t\t\t\t\t\t\t\t\t\t<\/div>\n\t\t\t\t\t\t\t\t\t<\/div>\n\t\t\t\t\t\t\t\t<\/div>\n\t\t\t\t\t\t\t\t\t\t\t\t\t\t\t<div class=\"bloc_equipe--item\">\n\t\t\t\t\t\t\t\t\t<figure>\n\t\t\t\t\t\t\t\t\t\t\t\t\t\t\t\t\t\t\t\t\t<img loading=\"lazy\" decoding=\"async\" width=\"898\" height=\"1226\" src=\"https:\/\/s-e-g.ca\/wp-content\/uploads\/2025\/04\/AlexandreV.jpg\" class=\"attachment-full size-full\" alt=\"\" srcset=\"https:\/\/s-e-g.ca\/wp-content\/uploads\/2025\/04\/AlexandreV.jpg 898w, https:\/\/s-e-g.ca\/wp-content\/uploads\/2025\/04\/AlexandreV-220x300.jpg 220w, https:\/\/s-e-g.ca\/wp-content\/uploads\/2025\/04\/AlexandreV-750x1024.jpg 750w, https:\/\/s-e-g.ca\/wp-content\/uploads\/2025\/04\/AlexandreV-768x1049.jpg 768w, https:\/\/s-e-g.ca\/wp-content\/uploads\/2025\/04\/AlexandreV-18x24.jpg 18w, https:\/\/s-e-g.ca\/wp-content\/uploads\/2025\/04\/AlexandreV-26x36.jpg 26w, https:\/\/s-e-g.ca\/wp-content\/uploads\/2025\/04\/AlexandreV-35x48.jpg 35w\" sizes=\"auto, (max-width: 898px) 100vw, 898px\" \/>\t\t\t\t\t\t\t\t\t\t\t\t\t\t\t\t\t\t\t<\/figure>\n\t\t\t\t\t\t\t\t\t<div class=\"description\">\n\t\t\t\t\t\t\t\t\t\t<h2>Alexandre Veilleux<\/h2>\n\t\t\t\t\t\t\t\t\t\t<p>Directeur g\u00e9n\u00e9ral adjoint<\/p>\n\t\t\t\t\t\t\t\t\t\t<div class=\"contact\">\n\t\t\t\t\t\t\t\t\t\t\t\t\t\t\t\t\t\t\t\t\t\t\t\t\t\t\t\t\t\t\t\t\t\t\t<div>\n\t\t\t\t\t\t\t\t\t\t\t\t\t<figure>\n\t\t\t\t\t\t\t\t\t\t\t\t\t\t<img decoding=\"async\" src=\"https:\/\/s-e-g.ca\/wp-content\/themes\/theme-seg\/assets\/img\/tel.svg\" alt=\"\">\n\t\t\t\t\t\t\t\t\t\t\t\t\t\t<img decoding=\"async\" src=\"https:\/\/s-e-g.ca\/wp-content\/themes\/theme-seg\/assets\/img\/tel-hover.svg\" alt=\"\">\n\t\t\t\t\t\t\t\t\t\t\t\t\t<\/figure>\n\t\t\t\t\t\t\t\t\t\t\t\t\t<p>514 640-5361, poste 203<\/p>\n\t\t\t\t\t\t\t\t\t\t\t\t<\/div>\n\t\t\t\t\t\t\t\t\t\t\t\t\t\t\t\t\t\t\t\t\t\t\t\t\t\t\t\t\t\t\t\t\t\t\t\t\t\t\t\t\t\t\t\t\t\t<a href=\"mailto:alexandre.veilleux@s-e-g.ca\"  target=\"_blank\" rel=\"noreferrer noopener\">\n\t\t\t\t\t\t\t\t\t\t\t\t\t<div>\n\t\t\t\t\t\t\t\t\t\t\t\t\t\t<figure>\n\t\t\t\t\t\t\t\t\t\t\t\t\t\t\t<img decoding=\"async\" src=\"https:\/\/s-e-g.ca\/wp-content\/themes\/theme-seg\/assets\/img\/mail.svg\" alt=\"\">\n\t\t\t\t\t\t\t\t\t\t\t\t\t\t\t<img decoding=\"async\" src=\"https:\/\/s-e-g.ca\/wp-content\/themes\/theme-seg\/assets\/img\/mail-hover.svg\" alt=\"\">\n\t\t\t\t\t\t\t\t\t\t\t\t\t\t<\/figure>\n\t\t\t\t\t\t\t\t\t\t\t\t\t\t<p>alexandre.veilleux@s-e-g.ca<\/p>\n\t\t\t\t\t\t\t\t\t\t\t\t\t<\/div>\n\t\t\t\t\t\t\t\t\t\t\t\t<\/a>\n\t\t\t\t\t\t\t\t\t\t\t\t\t\t\t\t\t\t\t\t\t<\/div>\n\t\t\t\t\t\t\t\t\t<\/div>\n\t\t\t\t\t\t\t\t<\/div>\n\t\t\t\t\t\t\t\t\t\t\t\t\t\t\t<div class=\"bloc_equipe--item\">\n\t\t\t\t\t\t\t\t\t<figure>\n\t\t\t\t\t\t\t\t\t\t\t\t\t\t\t\t\t\t\t\t\t<img loading=\"lazy\" decoding=\"async\" width=\"720\" height=\"1080\" src=\"https:\/\/s-e-g.ca\/wp-content\/uploads\/2026\/07\/Sophie.jpg\" class=\"attachment-full size-full\" alt=\"\" srcset=\"https:\/\/s-e-g.ca\/wp-content\/uploads\/2026\/07\/Sophie.jpg 720w, https:\/\/s-e-g.ca\/wp-content\/uploads\/2026\/07\/Sophie-200x300.jpg 200w, https:\/\/s-e-g.ca\/wp-content\/uploads\/2026\/07\/Sophie-683x1024.jpg 683w, https:\/\/s-e-g.ca\/wp-content\/uploads\/2026\/07\/Sophie-8x12.jpg 8w, https:\/\/s-e-g.ca\/wp-content\/uploads\/2026\/07\/Sophie-16x24.jpg 16w, https:\/\/s-e-g.ca\/wp-content\/uploads\/2026\/07\/Sophie-24x36.jpg 24w, https:\/\/s-e-g.ca\/wp-content\/uploads\/2026\/07\/Sophie-32x48.jpg 32w\" sizes=\"auto, (max-width: 720px) 100vw, 720px\" \/>\t\t\t\t\t\t\t\t\t\t\t\t\t\t\t\t\t\t\t<\/figure>\n\t\t\t\t\t\t\t\t\t<div class=\"description\">\n\t\t\t\t\t\t\t\t\t\t<h2>Sophie Sarda<\/h2>\n\t\t\t\t\t\t\t\t\t\t<p>Directrice des<br>ressources humaines<\/p>\n\t\t\t\t\t\t\t\t\t\t<div class=\"contact\">\n\t\t\t\t\t\t\t\t\t\t\t\t\t\t\t\t\t\t\t\t\t\t\t\t\t\t\t\t\t\t\t\t\t\t\t<div>\n\t\t\t\t\t\t\t\t\t\t\t\t\t<figure>\n\t\t\t\t\t\t\t\t\t\t\t\t\t\t<img decoding=\"async\" src=\"https:\/\/s-e-g.ca\/wp-content\/themes\/theme-seg\/assets\/img\/tel.svg\" alt=\"\">\n\t\t\t\t\t\t\t\t\t\t\t\t\t\t<img decoding=\"async\" src=\"https:\/\/s-e-g.ca\/wp-content\/themes\/theme-seg\/assets\/img\/tel-hover.svg\" alt=\"\">\n\t\t\t\t\t\t\t\t\t\t\t\t\t<\/figure>\n\t\t\t\t\t\t\t\t\t\t\t\t\t<p>514 640-5361, poste 517<\/p>\n\t\t\t\t\t\t\t\t\t\t\t\t<\/div>\n\t\t\t\t\t\t\t\t\t\t\t\t\t\t\t\t\t\t\t\t\t\t\t\t\t\t\t\t\t\t\t\t\t\t\t\t\t\t\t\t\t\t\t\t\t\t<a href=\"mailto:sophie.sarda@s-e-g.ca\"  target=\"_blank\" rel=\"noreferrer noopener\">\n\t\t\t\t\t\t\t\t\t\t\t\t\t<div>\n\t\t\t\t\t\t\t\t\t\t\t\t\t\t<figure>\n\t\t\t\t\t\t\t\t\t\t\t\t\t\t\t<img decoding=\"async\" src=\"https:\/\/s-e-g.ca\/wp-content\/themes\/theme-seg\/assets\/img\/mail.svg\" alt=\"\">\n\t\t\t\t\t\t\t\t\t\t\t\t\t\t\t<img decoding=\"async\" src=\"https:\/\/s-e-g.ca\/wp-content\/themes\/theme-seg\/assets\/img\/mail-hover.svg\" alt=\"\">\n\t\t\t\t\t\t\t\t\t\t\t\t\t\t<\/figure>\n\t\t\t\t\t\t\t\t\t\t\t\t\t\t<p>sophie.sarda@s-e-g.ca<\/p>\n\t\t\t\t\t\t\t\t\t\t\t\t\t<\/div>\n\t\t\t\t\t\t\t\t\t\t\t\t<\/a>\n\t\t\t\t\t\t\t\t\t\t\t\t\t\t\t\t\t\t\t\t\t<\/div>\n\t\t\t\t\t\t\t\t\t<\/div>\n\t\t\t\t\t\t\t\t<\/div>\n\t\t\t\t\t\t\t\t\t\t\t\t\t\t\t<div class=\"bloc_equipe--item\">\n\t\t\t\t\t\t\t\t\t<figure>\n\t\t\t\t\t\t\t\t\t\t\t\t\t\t\t\t\t\t\t\t\t<img loading=\"lazy\" decoding=\"async\" width=\"900\" height=\"1350\" src=\"https:\/\/s-e-g.ca\/wp-content\/uploads\/2026\/07\/Simon.jpg\" class=\"attachment-full size-full\" alt=\"\" srcset=\"https:\/\/s-e-g.ca\/wp-content\/uploads\/2026\/07\/Simon.jpg 900w, https:\/\/s-e-g.ca\/wp-content\/uploads\/2026\/07\/Simon-200x300.jpg 200w, https:\/\/s-e-g.ca\/wp-content\/uploads\/2026\/07\/Simon-683x1024.jpg 683w, https:\/\/s-e-g.ca\/wp-content\/uploads\/2026\/07\/Simon-768x1152.jpg 768w, https:\/\/s-e-g.ca\/wp-content\/uploads\/2026\/07\/Simon-8x12.jpg 8w, https:\/\/s-e-g.ca\/wp-content\/uploads\/2026\/07\/Simon-16x24.jpg 16w, https:\/\/s-e-g.ca\/wp-content\/uploads\/2026\/07\/Simon-24x36.jpg 24w, https:\/\/s-e-g.ca\/wp-content\/uploads\/2026\/07\/Simon-32x48.jpg 32w\" sizes=\"auto, (max-width: 900px) 100vw, 900px\" \/>\t\t\t\t\t\t\t\t\t\t\t\t\t\t\t\t\t\t\t<\/figure>\n\t\t\t\t\t\t\t\t\t<div class=\"description\">\n\t\t\t\t\t\t\t\t\t\t<h2>Simon Girard<\/h2>\n\t\t\t\t\t\t\t\t\t\t<p>Directeur clinique, CRC<\/p>\n\t\t\t\t\t\t\t\t\t\t<div class=\"contact\">\n\t\t\t\t\t\t\t\t\t\t\t\t\t\t\t\t\t\t\t\t\t\t\t\t\t\t\t\t\t\t\t\t\t\t\t<div>\n\t\t\t\t\t\t\t\t\t\t\t\t\t<figure>\n\t\t\t\t\t\t\t\t\t\t\t\t\t\t<img decoding=\"async\" src=\"https:\/\/s-e-g.ca\/wp-content\/themes\/theme-seg\/assets\/img\/tel.svg\" alt=\"\">\n\t\t\t\t\t\t\t\t\t\t\t\t\t\t<img decoding=\"async\" src=\"https:\/\/s-e-g.ca\/wp-content\/themes\/theme-seg\/assets\/img\/tel-hover.svg\" alt=\"\">\n\t\t\t\t\t\t\t\t\t\t\t\t\t<\/figure>\n\t\t\t\t\t\t\t\t\t\t\t\t\t<p>514 640-5361, poste 222<\/p>\n\t\t\t\t\t\t\t\t\t\t\t\t<\/div>\n\t\t\t\t\t\t\t\t\t\t\t\t\t\t\t\t\t\t\t\t\t\t\t\t\t\t\t\t\t\t\t\t\t\t\t\t\t\t\t\t\t\t\t\t\t\t<a href=\"mailto:simon.girard@s-e-g.ca\"  target=\"_blank\" rel=\"noreferrer noopener\">\n\t\t\t\t\t\t\t\t\t\t\t\t\t<div>\n\t\t\t\t\t\t\t\t\t\t\t\t\t\t<figure>\n\t\t\t\t\t\t\t\t\t\t\t\t\t\t\t<img decoding=\"async\" src=\"https:\/\/s-e-g.ca\/wp-content\/themes\/theme-seg\/assets\/img\/mail.svg\" alt=\"\">\n\t\t\t\t\t\t\t\t\t\t\t\t\t\t\t<img decoding=\"async\" src=\"https:\/\/s-e-g.ca\/wp-content\/themes\/theme-seg\/assets\/img\/mail-hover.svg\" alt=\"\">\n\t\t\t\t\t\t\t\t\t\t\t\t\t\t<\/figure>\n\t\t\t\t\t\t\t\t\t\t\t\t\t\t<p>simon.girard@s-e-g.ca<\/p>\n\t\t\t\t\t\t\t\t\t\t\t\t\t<\/div>\n\t\t\t\t\t\t\t\t\t\t\t\t<\/a>\n\t\t\t\t\t\t\t\t\t\t\t\t\t\t\t\t\t\t\t\t\t<\/div>\n\t\t\t\t\t\t\t\t\t<\/div>\n\t\t\t\t\t\t\t\t<\/div>\n\t\t\t\t\t\t\t\t\t\t\t\t\t\t\t<div class=\"bloc_equipe--item\">\n\t\t\t\t\t\t\t\t\t<figure>\n\t\t\t\t\t\t\t\t\t\t\t\t\t\t\t\t\t\t\t\t\t<img loading=\"lazy\" decoding=\"async\" width=\"900\" height=\"1350\" src=\"https:\/\/s-e-g.ca\/wp-content\/uploads\/2026\/07\/Marie-Lyne.jpg\" class=\"attachment-full size-full\" alt=\"\" srcset=\"https:\/\/s-e-g.ca\/wp-content\/uploads\/2026\/07\/Marie-Lyne.jpg 900w, https:\/\/s-e-g.ca\/wp-content\/uploads\/2026\/07\/Marie-Lyne-200x300.jpg 200w, https:\/\/s-e-g.ca\/wp-content\/uploads\/2026\/07\/Marie-Lyne-683x1024.jpg 683w, https:\/\/s-e-g.ca\/wp-content\/uploads\/2026\/07\/Marie-Lyne-768x1152.jpg 768w, https:\/\/s-e-g.ca\/wp-content\/uploads\/2026\/07\/Marie-Lyne-8x12.jpg 8w, https:\/\/s-e-g.ca\/wp-content\/uploads\/2026\/07\/Marie-Lyne-16x24.jpg 16w, https:\/\/s-e-g.ca\/wp-content\/uploads\/2026\/07\/Marie-Lyne-24x36.jpg 24w, https:\/\/s-e-g.ca\/wp-content\/uploads\/2026\/07\/Marie-Lyne-32x48.jpg 32w\" sizes=\"auto, (max-width: 900px) 100vw, 900px\" \/>\t\t\t\t\t\t\t\t\t\t\t\t\t\t\t\t\t\t\t<\/figure>\n\t\t\t\t\t\t\t\t\t<div class=\"description\">\n\t\t\t\t\t\t\t\t\t\t<h2>Marie-Lyne Bernard<\/h2>\n\t\t\t\t\t\t\t\t\t\t<p>Directrice, R\u00e9sidence<br>Les Pl\u00e9iades<\/p>\n\t\t\t\t\t\t\t\t\t\t<div class=\"contact\">\n\t\t\t\t\t\t\t\t\t\t\t\t\t\t\t\t\t\t\t\t\t\t\t\t\t\t\t\t\t\t\t\t\t\t\t<div>\n\t\t\t\t\t\t\t\t\t\t\t\t\t<figure>\n\t\t\t\t\t\t\t\t\t\t\t\t\t\t<img decoding=\"async\" src=\"https:\/\/s-e-g.ca\/wp-content\/themes\/theme-seg\/assets\/img\/tel.svg\" alt=\"\">\n\t\t\t\t\t\t\t\t\t\t\t\t\t\t<img decoding=\"async\" src=\"https:\/\/s-e-g.ca\/wp-content\/themes\/theme-seg\/assets\/img\/tel-hover.svg\" alt=\"\">\n\t\t\t\t\t\t\t\t\t\t\t\t\t<\/figure>\n\t\t\t\t\t\t\t\t\t\t\t\t\t<p>514 640-2030, poste 505<\/p>\n\t\t\t\t\t\t\t\t\t\t\t\t<\/div>\n\t\t\t\t\t\t\t\t\t\t\t\t\t\t\t\t\t\t\t\t\t\t\t\t\t\t\t\t\t\t\t\t\t\t\t\t\t\t\t\t\t\t\t\t\t\t<a href=\"mailto:marie-lyne.bernard@s-e-g.ca\"  target=\"_blank\" rel=\"noreferrer noopener\">\n\t\t\t\t\t\t\t\t\t\t\t\t\t<div>\n\t\t\t\t\t\t\t\t\t\t\t\t\t\t<figure>\n\t\t\t\t\t\t\t\t\t\t\t\t\t\t\t<img decoding=\"async\" src=\"https:\/\/s-e-g.ca\/wp-content\/themes\/theme-seg\/assets\/img\/mail.svg\" alt=\"\">\n\t\t\t\t\t\t\t\t\t\t\t\t\t\t\t<img decoding=\"async\" src=\"https:\/\/s-e-g.ca\/wp-content\/themes\/theme-seg\/assets\/img\/mail-hover.svg\" alt=\"\">\n\t\t\t\t\t\t\t\t\t\t\t\t\t\t<\/figure>\n\t\t\t\t\t\t\t\t\t\t\t\t\t\t<p>marie-lyne.bernard@s-e-g.ca<\/p>\n\t\t\t\t\t\t\t\t\t\t\t\t\t<\/div>\n\t\t\t\t\t\t\t\t\t\t\t\t<\/a>\n\t\t\t\t\t\t\t\t\t\t\t\t\t\t\t\t\t\t\t\t\t<\/div>\n\t\t\t\t\t\t\t\t\t<\/div>\n\t\t\t\t\t\t\t\t<\/div>\n\t\t\t\t\t\t\t\t\t\t\t\t\t<\/div>\n\t\t\t\t\t<\/div>\n\t\t\t\t\t\t\t\t<\/div>\n\n\n\n<div class=\"wp-block-ab-animate\">\n<div class=\"wp-block-group has-background\" style=\"background-color:#f8f6f4\"><div class=\"wp-block-group__inner-container is-layout-constrained wp-block-group-is-layout-constrained\">\n<div class=\"container bs-4cuol\"><div class=\"wp-bootstrap-blocks-row row g-0\">\n\t\n\n<div class=\"col-12 col-xl-4\">\n\t\t\t\n\n<div class=\"wp-block-ab-animate bs-bXJrF\">\n<h2 class=\"wp-block-heading bs-Z1JE3G2 text-center text-xl-start\">Notre<br><strong>historique<\/strong><\/h2>\n\n\n\n<p class=\"br-apropos has-text-color has-link-color text-xl-start text-center bs-4EfNx fst-italic wp-elements-c20841f8258d2cb438d68ba83f8fe98d wp-block-paragraph\" style=\"color:#0e6275\"><strong>Emmanuel Gr\u00e9goire<\/strong><br><br>Travailleur social \u00e0 l\u2019\u0153uvre pendant<br>les ann\u00e9es 70 et 80 et pr\u00e9curseur<br>de la r\u00e9insertion sociale des ex-d\u00e9tenus<br>au Qu\u00e9bec, Emmanuel Gr\u00e9goire consacre<br>sa carri\u00e8re \u00e0 venir en aide aux hommes judiciaris\u00e9s. En hommage \u00e0 son implication hors norme, la corporation porte aujourd\u2019hui son nom.<\/p>\n<\/div>\n\n\t<\/div>\n\n\n\n<div class=\"col-12 col-xl-8\">\n\t\t\t\n\n<div class=\"wp-block-ab-animate bs-1f0dED overflow-hidden\">\t\t\t\t\t\t\t\t\t<div class=\"timeline-single d-none\">\n\t\t\t\t\t\t\t\t\t\t\t\t\t<div class=\"timeline-single--item\">\n\t\t\t\t\t\t\t\t<p class=\"first\">\n\t\t\t\t\t\t\t\t\t1981\t\t\t\t\t\t\t\t<\/p>\n\t\t\t\t\t\t\t<\/div>\n\t\t\t\t\t\t\t\t\t\t\t\t\t<div class=\"timeline-single--item\">\n\t\t\t\t\t\t\t\t<p class=\"first\">\n\t\t\t\t\t\t\t\t\t1983\t\t\t\t\t\t\t\t<\/p>\n\t\t\t\t\t\t\t<\/div>\n\t\t\t\t\t\t\t\t\t\t\t\t\t<div class=\"timeline-single--item\">\n\t\t\t\t\t\t\t\t<p class=\"first\">\n\t\t\t\t\t\t\t\t\t1984\t\t\t\t\t\t\t\t<\/p>\n\t\t\t\t\t\t\t<\/div>\n\t\t\t\t\t\t\t\t\t\t\t\t\t<div class=\"timeline-single--item\">\n\t\t\t\t\t\t\t\t<p class=\"first\">\n\t\t\t\t\t\t\t\t\t1989\t\t\t\t\t\t\t\t<\/p>\n\t\t\t\t\t\t\t<\/div>\n\t\t\t\t\t\t\t\t\t\t\t\t\t<div class=\"timeline-single--item\">\n\t\t\t\t\t\t\t\t<p class=\"first\">\n\t\t\t\t\t\t\t\t\t1989\t\t\t\t\t\t\t\t<\/p>\n\t\t\t\t\t\t\t<\/div>\n\t\t\t\t\t\t\t\t\t\t\t\t\t<div class=\"timeline-single--item\">\n\t\t\t\t\t\t\t\t<p class=\"first\">\n\t\t\t\t\t\t\t\t\t1990\t\t\t\t\t\t\t\t<\/p>\n\t\t\t\t\t\t\t<\/div>\n\t\t\t\t\t\t\t\t\t\t\t\t\t<div class=\"timeline-single--item\">\n\t\t\t\t\t\t\t\t<p class=\"first\">\n\t\t\t\t\t\t\t\t\t1998\t\t\t\t\t\t\t\t<\/p>\n\t\t\t\t\t\t\t<\/div>\n\t\t\t\t\t\t\t\t\t\t\t\t\t<div class=\"timeline-single--item\">\n\t\t\t\t\t\t\t\t<p class=\"first\">\n\t\t\t\t\t\t\t\t\t2011\t\t\t\t\t\t\t\t<\/p>\n\t\t\t\t\t\t\t<\/div>\n\t\t\t\t\t\t\t\t\t\t\t\t\t<div class=\"timeline-single--item\">\n\t\t\t\t\t\t\t\t<p class=\"first\">\n\t\t\t\t\t\t\t\t\t2020\t\t\t\t\t\t\t\t<\/p>\n\t\t\t\t\t\t\t<\/div>\n\t\t\t\t\t\t\t\t\t\t\t\t\t<div class=\"timeline-single--item\">\n\t\t\t\t\t\t\t\t<p class=\"first\">\n\t\t\t\t\t\t\t\t\t2024\t\t\t\t\t\t\t\t<\/p>\n\t\t\t\t\t\t\t<\/div>\n\t\t\t\t\t\t\t\t\t\t\t\t\t<div class=\"timeline-single--item\">\n\t\t\t\t\t\t\t\t<p class=\"first\">\n\t\t\t\t\t\t\t\t\t2025\t\t\t\t\t\t\t\t<\/p>\n\t\t\t\t\t\t\t<\/div>\n\t\t\t\t\t\t\t\t\t\t\t<\/div>\n\t\t\t\t\t<div class=\"timeline \">\n\t\t\t\t\t\t\t\t\t\t\t\t\t<div class=\"timeline--item\">\n\t\t\t\t\t\t\t\t<div class=\"marker\">\n\t\t\t\t\t\t\t\t\t<span class=\"bloc-white\"><\/span>\n\t\t\t\t\t\t\t\t\t<!-- <span class=\"first\"><\/span> -->\n\t\t\t\t\t\t\t\t\t<p class=\"first\">\n\t\t\t\t\t\t\t\t\t\t1981\t\t\t\t\t\t\t\t\t<\/p>\n\t\t\t\t\t\t\t\t\t<span class=\"second\"><\/span>\n\t\t\t\t\t\t\t\t\t<div class=\"timeline--item--description\">\n\t\t\t\t\t\t\t\t\t\t<div class=\"para\"><p>Marcel Veilleux fonde la corporation \u00ab\u00a0R\u00e9sidence Emmanuel-Gr\u00e9goire inc\u00a0\u00bb un organisme \u00e0 but non lucratif destin\u00e9 \u00e0 la r\u00e9insertion sociale des hommes judiciaris\u00e9s. Le premier centre r\u00e9sidentiel communautaire de ce qui deviendra la Soci\u00e9t\u00e9 Emmanuel-Gr\u00e9goire ouvre ses portes \u00e0 T\u00e9treaultville sous le nom de R\u00e9sidence Emmanuel-Gr\u00e9goire.<\/p><\/div>\n\t\t\t\t\t\t\t\t\t<\/div>\n\t\t\t\t\t\t\t\t<\/div>\n\t\t\t\t\t\t\t<\/div>\n\t\t\t\t\t\t\t\t\t\t\t\t\t<div class=\"timeline--item\">\n\t\t\t\t\t\t\t\t<div class=\"marker\">\n\t\t\t\t\t\t\t\t\t<span class=\"bloc-white\"><\/span>\n\t\t\t\t\t\t\t\t\t<!-- <span class=\"first\"><\/span> -->\n\t\t\t\t\t\t\t\t\t<p class=\"first\">\n\t\t\t\t\t\t\t\t\t\t1983\t\t\t\t\t\t\t\t\t<\/p>\n\t\t\t\t\t\t\t\t\t<span class=\"second\"><\/span>\n\t\t\t\t\t\t\t\t\t<div class=\"timeline--item--description\">\n\t\t\t\t\t\t\t\t\t\t<div class=\"para\"><p>Conscient qu\u2019une r\u00e9int\u00e9gration sociale communautaire r\u00e9ussie passe de fa\u00e7on incontournable par l\u2019acc\u00e8s au march\u00e9 du travail et des difficult\u00e9s sp\u00e9cifiques rencontr\u00e9es par une client\u00e8le judiciaris\u00e9e, Marcel Veilleux fonde le Service d\u2019Aide \u00e0 l\u2019Emploi de l\u2019Est afin d\u2019accompagner la client\u00e8le judiciaris\u00e9e dans la r\u00e9ussite de leurs d\u00e9marches de retour \u00e0 l\u2019emploi.<\/p><\/div>\n\t\t\t\t\t\t\t\t\t<\/div>\n\t\t\t\t\t\t\t\t<\/div>\n\t\t\t\t\t\t\t<\/div>\n\t\t\t\t\t\t\t\t\t\t\t\t\t<div class=\"timeline--item\">\n\t\t\t\t\t\t\t\t<div class=\"marker\">\n\t\t\t\t\t\t\t\t\t<span class=\"bloc-white\"><\/span>\n\t\t\t\t\t\t\t\t\t<!-- <span class=\"first\"><\/span> -->\n\t\t\t\t\t\t\t\t\t<p class=\"first\">\n\t\t\t\t\t\t\t\t\t\t1984\t\t\t\t\t\t\t\t\t<\/p>\n\t\t\t\t\t\t\t\t\t<span class=\"second\"><\/span>\n\t\t\t\t\t\t\t\t\t<div class=\"timeline--item--description\">\n\t\t\t\t\t\t\t\t\t\t<div class=\"para\"><p>Alors que pr\u00e8s de 70% des hommes judiciaris\u00e9s sont aux prises avec des probl\u00e8mes en lien avec la toxicomanie, le Pavillon Emmanuel-Gr\u00e9goire ouvre ses portes \u00e0 Montr\u00e9al-Est. Une formule innovante de centre r\u00e9sidentiel communautaire offrant un programme intensif de cure ouverte et l\u2019accompagnement par des pairs aidants ayant un v\u00e9cu de toxicomane.<\/p><\/div>\n\t\t\t\t\t\t\t\t\t<\/div>\n\t\t\t\t\t\t\t\t<\/div>\n\t\t\t\t\t\t\t<\/div>\n\t\t\t\t\t\t\t\t\t\t\t\t\t<div class=\"timeline--item\">\n\t\t\t\t\t\t\t\t<div class=\"marker\">\n\t\t\t\t\t\t\t\t\t<span class=\"bloc-white\"><\/span>\n\t\t\t\t\t\t\t\t\t<!-- <span class=\"first\"><\/span> -->\n\t\t\t\t\t\t\t\t\t<p class=\"first\">\n\t\t\t\t\t\t\t\t\t\t1989\t\t\t\t\t\t\t\t\t<\/p>\n\t\t\t\t\t\t\t\t\t<span class=\"second\"><\/span>\n\t\t\t\t\t\t\t\t\t<div class=\"timeline--item--description\">\n\t\t\t\t\t\t\t\t\t\t<div class=\"para\"><p>Apr\u00e8s plus d\u2019un an d\u2019intenses d\u00e9marches, le Pavillon Prosper-Boulanger ouvre ses portes. L\u2019ouverture de ce troisi\u00e8me centre r\u00e9sidentiel communautaire soul\u00e8ve les passions au sein de la population locale qui se mobilise contre le projet. De nombreuses repr\u00e9sentations sont n\u00e9cessaires afin qu\u2019il puisse voir le jour. M. Prosper Boulanger, homme politique aguerri et d\u00e9put\u00e9 lib\u00e9ral de 1962 \u00e0 1979, donne tout son appui au projet. Son influence et son implication seront d\u00e9terminantes. En signe de reconnaissance, le conseil d\u2019administration propose que le nouveau C.R.C. porte son nom.<\/p><\/div>\n\t\t\t\t\t\t\t\t\t<\/div>\n\t\t\t\t\t\t\t\t<\/div>\n\t\t\t\t\t\t\t<\/div>\n\t\t\t\t\t\t\t\t\t\t\t\t\t<div class=\"timeline--item\">\n\t\t\t\t\t\t\t\t<div class=\"marker\">\n\t\t\t\t\t\t\t\t\t<span class=\"bloc-white\"><\/span>\n\t\t\t\t\t\t\t\t\t<!-- <span class=\"first\"><\/span> -->\n\t\t\t\t\t\t\t\t\t<p class=\"first\">\n\t\t\t\t\t\t\t\t\t\t1989\t\t\t\t\t\t\t\t\t<\/p>\n\t\t\t\t\t\t\t\t\t<span class=\"second\"><\/span>\n\t\t\t\t\t\t\t\t\t<div class=\"timeline--item--description\">\n\t\t\t\t\t\t\t\t\t\t<div class=\"para\"><p>L\u2019Agence Emmanuel-Gr\u00e9goire d\u00e9bute ses activit\u00e9s. L\u2019\u00e9quipe de l\u2019Agence est charg\u00e9e du suivi communautaire des hommes judiciaris\u00e9s sous juridiction f\u00e9d\u00e9rale de l\u2019Est de Montr\u00e9al \u00e0 la suite de leur passage dans l\u2019un des trois CRC de la corporation.<\/p><\/div>\n\t\t\t\t\t\t\t\t\t<\/div>\n\t\t\t\t\t\t\t\t<\/div>\n\t\t\t\t\t\t\t<\/div>\n\t\t\t\t\t\t\t\t\t\t\t\t\t<div class=\"timeline--item\">\n\t\t\t\t\t\t\t\t<div class=\"marker\">\n\t\t\t\t\t\t\t\t\t<span class=\"bloc-white\"><\/span>\n\t\t\t\t\t\t\t\t\t<!-- <span class=\"first\"><\/span> -->\n\t\t\t\t\t\t\t\t\t<p class=\"first\">\n\t\t\t\t\t\t\t\t\t\t1990\t\t\t\t\t\t\t\t\t<\/p>\n\t\t\t\t\t\t\t\t\t<span class=\"second\"><\/span>\n\t\t\t\t\t\t\t\t\t<div class=\"timeline--item--description\">\n\t\t\t\t\t\t\t\t\t\t<div class=\"para\"><p>La corporation prend le nom de Soci\u00e9t\u00e9 Emmanuel-Gr\u00e9goire. Elle regroupe les 3 centres r\u00e9sidentiels communautaires et l\u2019Agence. Le Service d\u2019Aide \u00e0 l\u2019Emploi de l\u2019Est demeure une corporation distincte dirig\u00e9e par les m\u00eames administrateurs.<\/p><\/div>\n\t\t\t\t\t\t\t\t\t<\/div>\n\t\t\t\t\t\t\t\t<\/div>\n\t\t\t\t\t\t\t<\/div>\n\t\t\t\t\t\t\t\t\t\t\t\t\t<div class=\"timeline--item\">\n\t\t\t\t\t\t\t\t<div class=\"marker\">\n\t\t\t\t\t\t\t\t\t<span class=\"bloc-white\"><\/span>\n\t\t\t\t\t\t\t\t\t<!-- <span class=\"first\"><\/span> -->\n\t\t\t\t\t\t\t\t\t<p class=\"first\">\n\t\t\t\t\t\t\t\t\t\t1998\t\t\t\t\t\t\t\t\t<\/p>\n\t\t\t\t\t\t\t\t\t<span class=\"second\"><\/span>\n\t\t\t\t\t\t\t\t\t<div class=\"timeline--item--description\">\n\t\t\t\t\t\t\t\t\t\t<div class=\"para\"><p>Le Service d\u2019Aide \u00e0 l\u2019Emploi de l\u2019Est inaugure le Carrefour Jeunesse Emploi Pointe-aux-Trembles \u2013 Montr\u00e9al-Est et offre maintenant des services \u00e0 la client\u00e8le jeunesse de l\u2019Est de Montr\u00e9al.<\/p><\/div>\n\t\t\t\t\t\t\t\t\t<\/div>\n\t\t\t\t\t\t\t\t<\/div>\n\t\t\t\t\t\t\t<\/div>\n\t\t\t\t\t\t\t\t\t\t\t\t\t<div class=\"timeline--item\">\n\t\t\t\t\t\t\t\t<div class=\"marker\">\n\t\t\t\t\t\t\t\t\t<span class=\"bloc-white\"><\/span>\n\t\t\t\t\t\t\t\t\t<!-- <span class=\"first\"><\/span> -->\n\t\t\t\t\t\t\t\t\t<p class=\"first\">\n\t\t\t\t\t\t\t\t\t\t2011\t\t\t\t\t\t\t\t\t<\/p>\n\t\t\t\t\t\t\t\t\t<span class=\"second\"><\/span>\n\t\t\t\t\t\t\t\t\t<div class=\"timeline--item--description\">\n\t\t\t\t\t\t\t\t\t\t<div class=\"para\"><p>Apr\u00e8s plusieurs ann\u00e9es de d\u00e9marches, la Soci\u00e9t\u00e9 Emmanuel-Gr\u00e9goire ouvre la R\u00e9sidence les Pl\u00e9iades, une Ressource interm\u00e9diaire accueillant 52 ain\u00e9s en perte d\u2019autonomie. Il s\u2019agit d\u2019un tournant majeur pour l\u2019organisme qui \u00e9largit son empreinte sociale en offrant des services \u00e0 une nouvelle client\u00e8le vuln\u00e9rable.<\/p><\/div>\n\t\t\t\t\t\t\t\t\t<\/div>\n\t\t\t\t\t\t\t\t<\/div>\n\t\t\t\t\t\t\t<\/div>\n\t\t\t\t\t\t\t\t\t\t\t\t\t<div class=\"timeline--item\">\n\t\t\t\t\t\t\t\t<div class=\"marker\">\n\t\t\t\t\t\t\t\t\t<span class=\"bloc-white\"><\/span>\n\t\t\t\t\t\t\t\t\t<!-- <span class=\"first\"><\/span> -->\n\t\t\t\t\t\t\t\t\t<p class=\"first\">\n\t\t\t\t\t\t\t\t\t\t2020\t\t\t\t\t\t\t\t\t<\/p>\n\t\t\t\t\t\t\t\t\t<span class=\"second\"><\/span>\n\t\t\t\t\t\t\t\t\t<div class=\"timeline--item--description\">\n\t\t\t\t\t\t\t\t\t\t<div class=\"para\"><p>Faute de financement ad\u00e9quat l\u2019Agence Emmanuel-Gr\u00e9goire cesse ses activit\u00e9s.<\/p><\/div>\n\t\t\t\t\t\t\t\t\t<\/div>\n\t\t\t\t\t\t\t\t<\/div>\n\t\t\t\t\t\t\t<\/div>\n\t\t\t\t\t\t\t\t\t\t\t\t\t<div class=\"timeline--item\">\n\t\t\t\t\t\t\t\t<div class=\"marker\">\n\t\t\t\t\t\t\t\t\t<span class=\"bloc-white\"><\/span>\n\t\t\t\t\t\t\t\t\t<!-- <span class=\"first\"><\/span> -->\n\t\t\t\t\t\t\t\t\t<p class=\"first\">\n\t\t\t\t\t\t\t\t\t\t2024\t\t\t\t\t\t\t\t\t<\/p>\n\t\t\t\t\t\t\t\t\t<span class=\"second\"><\/span>\n\t\t\t\t\t\t\t\t\t<div class=\"timeline--item--description\">\n\t\t\t\t\t\t\t\t\t\t<div class=\"para\"><p>Apr\u00e8s plus de 41 ans d\u2019activit\u00e9s, le Service d\u2019Aide \u00e0 l\u2019Emploi de l\u2019Est subit une coupure de financement et est contraint de cesser compl\u00e8tement ses activit\u00e9s.<\/p><\/div>\n\t\t\t\t\t\t\t\t\t<\/div>\n\t\t\t\t\t\t\t\t<\/div>\n\t\t\t\t\t\t\t<\/div>\n\t\t\t\t\t\t\t\t\t\t\t\t\t<div class=\"timeline--item\">\n\t\t\t\t\t\t\t\t<div class=\"marker\">\n\t\t\t\t\t\t\t\t\t<span class=\"bloc-white\"><\/span>\n\t\t\t\t\t\t\t\t\t<!-- <span class=\"first\"><\/span> -->\n\t\t\t\t\t\t\t\t\t<p class=\"first\">\n\t\t\t\t\t\t\t\t\t\t2025\t\t\t\t\t\t\t\t\t<\/p>\n\t\t\t\t\t\t\t\t\t<span class=\"second\"><\/span>\n\t\t\t\t\t\t\t\t\t<div class=\"timeline--item--description\">\n\t\t\t\t\t\t\t\t\t\t<div class=\"para\"><p>La corporation acquiert la R\u00e9sidence Les Com\u00e8tes, une ressource interm\u00e9diaire sp\u00e9cialis\u00e9e aupr\u00e8s d\u2019adultes aux prises avec des probl\u00e9matiques de sant\u00e9 mentale. La ressource accueille 34 r\u00e9sidents.<\/p><\/div>\n\t\t\t\t\t\t\t\t\t<\/div>\n\t\t\t\t\t\t\t\t<\/div>\n\t\t\t\t\t\t\t<\/div>\n\t\t\t\t\t\t\t\t\t\t\t<\/div>\n\t\t\t\t\t\t\t\t<\/div>\n\n\t<\/div>\n\n<\/div>\n<\/div>\n<\/div><\/div>\n<\/div>\n\n\n\n<div class=\"wp-block-ab-animate\">\n<div class=\"container bs-LGUgi\">\n<h2 class=\"wp-block-heading bs-XlnhB text-center\">D\u00e9couvrez les membres<br><span>du conseil d\u2019administration<\/span><\/h2>\n\n\n\t\t\t\t\t\t\t\t\t<div class=\"bloc_administration \">\n\t\t\t\t\t\t\t\t\t\t\t\t\t<div class=\"bloc_administration--item\">\n\t\t\t\t\t\t\t\t<figure>\n\t\t\t\t\t\t\t\t\t\t\t\t\t\t\t\t\t\t\t<img loading=\"lazy\" decoding=\"async\" width=\"898\" height=\"1226\" src=\"https:\/\/s-e-g.ca\/wp-content\/uploads\/2025\/04\/Michel-WEB.jpg\" class=\"attachment-full size-full\" alt=\"\" srcset=\"https:\/\/s-e-g.ca\/wp-content\/uploads\/2025\/04\/Michel-WEB.jpg 898w, https:\/\/s-e-g.ca\/wp-content\/uploads\/2025\/04\/Michel-WEB-220x300.jpg 220w, https:\/\/s-e-g.ca\/wp-content\/uploads\/2025\/04\/Michel-WEB-750x1024.jpg 750w, https:\/\/s-e-g.ca\/wp-content\/uploads\/2025\/04\/Michel-WEB-768x1049.jpg 768w, https:\/\/s-e-g.ca\/wp-content\/uploads\/2025\/04\/Michel-WEB-18x24.jpg 18w, https:\/\/s-e-g.ca\/wp-content\/uploads\/2025\/04\/Michel-WEB-26x36.jpg 26w, https:\/\/s-e-g.ca\/wp-content\/uploads\/2025\/04\/Michel-WEB-35x48.jpg 35w\" sizes=\"auto, (max-width: 898px) 100vw, 898px\" \/>\t\t\t\t\t\t\t\t\t\t\t\t\t\t\t\t\t<\/figure>\n\t\t\t\t\t\t\t\t<div class=\"bloc_administration--item--content\">\n\t\t\t\t\t\t\t\t\t<h2>Michel H\u00e9tu<\/h2>\n\t\t\t\t\t\t\t\t\t<p>Pr\u00e9sident<\/p>\n\t\t\t\t\t\t\t\t\t<div class=\"description\">\n\t\t\t\t\t\t\t\t\t\t<p>Titulaire d\u2019un DEC en Technologie de l\u2019information, il a \u0153uvr\u00e9 pendant 32 ans \u00e0 diff\u00e9rents postes de gestion pour de grandes entreprises. En 2013, Michel cr\u00e9e sa propre soci\u00e9t\u00e9 de conseils strat\u00e9giques en Technologie d\u2019information et reste actif jusqu\u2019\u00e0 sa retraite en 2018. Il est si\u00e8ge sur le conseil d\u2019administration de la Soci\u00e9t\u00e9 Emmanuel-Gr\u00e9goire depuis 1981.<\/p>\t\t\t\t\t\t\t\t\t<\/div>\n\t\t\t\t\t\t\t\t\t<a class=\"button-seg button-before readmore\">Lire plus<\/a>\n\t\t\t\t\t\t\t\t<\/div>\n\t\t\t\t\t\t\t<\/div>\n\t\t\t\t\t\t\t\t\t\t\t\t\t<div class=\"bloc_administration--item\">\n\t\t\t\t\t\t\t\t<figure>\n\t\t\t\t\t\t\t\t\t\t\t\t\t\t\t\t\t\t\t<img loading=\"lazy\" decoding=\"async\" width=\"898\" height=\"1226\" src=\"https:\/\/s-e-g.ca\/wp-content\/uploads\/2025\/04\/Carl-WEB-1.jpg\" class=\"attachment-full size-full\" alt=\"\" srcset=\"https:\/\/s-e-g.ca\/wp-content\/uploads\/2025\/04\/Carl-WEB-1.jpg 898w, https:\/\/s-e-g.ca\/wp-content\/uploads\/2025\/04\/Carl-WEB-1-220x300.jpg 220w, https:\/\/s-e-g.ca\/wp-content\/uploads\/2025\/04\/Carl-WEB-1-750x1024.jpg 750w, https:\/\/s-e-g.ca\/wp-content\/uploads\/2025\/04\/Carl-WEB-1-768x1049.jpg 768w, https:\/\/s-e-g.ca\/wp-content\/uploads\/2025\/04\/Carl-WEB-1-18x24.jpg 18w, https:\/\/s-e-g.ca\/wp-content\/uploads\/2025\/04\/Carl-WEB-1-26x36.jpg 26w, https:\/\/s-e-g.ca\/wp-content\/uploads\/2025\/04\/Carl-WEB-1-35x48.jpg 35w\" sizes=\"auto, (max-width: 898px) 100vw, 898px\" \/>\t\t\t\t\t\t\t\t\t\t\t\t\t\t\t\t\t<\/figure>\n\t\t\t\t\t\t\t\t<div class=\"bloc_administration--item--content\">\n\t\t\t\t\t\t\t\t\t<h2>Carl Veilleux <\/h2>\n\t\t\t\t\t\t\t\t\t<p>Vice-pr\u00e9sident<\/p>\n\t\t\t\t\t\t\t\t\t<div class=\"description\">\n\t\t\t\t\t\t\t\t\t\t<p>Titulaire d\u2019un baccalaur\u00e9at en G\u00e9nie Physique, il a \u0153uvr\u00e9 pendant 8 ans comme consultant en technologie de l\u2019information. En 2007, Carl r\u00e9oriente sa carri\u00e8re vers le domaine des sciences sociales en joignant la Soci\u00e9t\u00e9 Emmanuel-Gr\u00e9goire. Il y occupe depuis 2015 le poste de directeur g\u00e9n\u00e9ral.<\/p>\t\t\t\t\t\t\t\t\t<\/div>\n\t\t\t\t\t\t\t\t\t<a class=\"button-seg button-before readmore\">Lire plus<\/a>\n\t\t\t\t\t\t\t\t<\/div>\n\t\t\t\t\t\t\t<\/div>\n\t\t\t\t\t\t\t\t\t\t\t\t\t<div class=\"bloc_administration--item\">\n\t\t\t\t\t\t\t\t<figure>\n\t\t\t\t\t\t\t\t\t\t\t\t\t\t\t\t\t\t\t<img loading=\"lazy\" decoding=\"async\" width=\"898\" height=\"1226\" src=\"https:\/\/s-e-g.ca\/wp-content\/uploads\/2025\/05\/Alexandre_T.WEB-modif.jpg\" class=\"attachment-full size-full\" alt=\"\" srcset=\"https:\/\/s-e-g.ca\/wp-content\/uploads\/2025\/05\/Alexandre_T.WEB-modif.jpg 898w, https:\/\/s-e-g.ca\/wp-content\/uploads\/2025\/05\/Alexandre_T.WEB-modif-220x300.jpg 220w, https:\/\/s-e-g.ca\/wp-content\/uploads\/2025\/05\/Alexandre_T.WEB-modif-750x1024.jpg 750w, https:\/\/s-e-g.ca\/wp-content\/uploads\/2025\/05\/Alexandre_T.WEB-modif-768x1049.jpg 768w, https:\/\/s-e-g.ca\/wp-content\/uploads\/2025\/05\/Alexandre_T.WEB-modif-9x12.jpg 9w, https:\/\/s-e-g.ca\/wp-content\/uploads\/2025\/05\/Alexandre_T.WEB-modif-18x24.jpg 18w, https:\/\/s-e-g.ca\/wp-content\/uploads\/2025\/05\/Alexandre_T.WEB-modif-26x36.jpg 26w, https:\/\/s-e-g.ca\/wp-content\/uploads\/2025\/05\/Alexandre_T.WEB-modif-35x48.jpg 35w\" sizes=\"auto, (max-width: 898px) 100vw, 898px\" \/>\t\t\t\t\t\t\t\t\t\t\t\t\t\t\t\t\t<\/figure>\n\t\t\t\t\t\t\t\t<div class=\"bloc_administration--item--content\">\n\t\t\t\t\t\t\t\t\t<h2>Alexandre Tanara<\/h2>\n\t\t\t\t\t\t\t\t\t<p>Secr\u00e9taire-Tr\u00e9sorier <\/p>\n\t\t\t\t\t\t\t\t\t<div class=\"description\">\n\t\t\t\t\t\t\t\t\t\t<p>Titulaire d\u2019un baccalaur\u00e9at en G\u00e9nie Chimique, il a \u0153uvr\u00e9 pendant 25 ans comme consultant en technologie de l\u2019information (TI). Depuis 2024, Alexandre est le Vice-Pr\u00e9sident Principal mondial des programmes TI et de la performance organisationnelle \u00e0 l\u2019une des plus grandes firmes de services professionnels d\u2019ing\u00e9nierie et de sciences au monde, WSP.<\/p>\t\t\t\t\t\t\t\t\t<\/div>\n\t\t\t\t\t\t\t\t\t<a class=\"button-seg button-before readmore\">Lire plus<\/a>\n\t\t\t\t\t\t\t\t<\/div>\n\t\t\t\t\t\t\t<\/div>\n\t\t\t\t\t\t\t\t\t\t\t\t\t<div class=\"bloc_administration--item\">\n\t\t\t\t\t\t\t\t<figure>\n\t\t\t\t\t\t\t\t\t\t\t\t\t\t\t\t\t\t\t<img loading=\"lazy\" decoding=\"async\" width=\"898\" height=\"1226\" src=\"https:\/\/s-e-g.ca\/wp-content\/uploads\/2025\/04\/Marcel-WEB-modif.jpg\" class=\"attachment-full size-full\" alt=\"\" srcset=\"https:\/\/s-e-g.ca\/wp-content\/uploads\/2025\/04\/Marcel-WEB-modif.jpg 898w, https:\/\/s-e-g.ca\/wp-content\/uploads\/2025\/04\/Marcel-WEB-modif-220x300.jpg 220w, https:\/\/s-e-g.ca\/wp-content\/uploads\/2025\/04\/Marcel-WEB-modif-750x1024.jpg 750w, https:\/\/s-e-g.ca\/wp-content\/uploads\/2025\/04\/Marcel-WEB-modif-768x1049.jpg 768w, https:\/\/s-e-g.ca\/wp-content\/uploads\/2025\/04\/Marcel-WEB-modif-18x24.jpg 18w, https:\/\/s-e-g.ca\/wp-content\/uploads\/2025\/04\/Marcel-WEB-modif-26x36.jpg 26w, https:\/\/s-e-g.ca\/wp-content\/uploads\/2025\/04\/Marcel-WEB-modif-35x48.jpg 35w\" sizes=\"auto, (max-width: 898px) 100vw, 898px\" \/>\t\t\t\t\t\t\t\t\t\t\t\t\t\t\t\t\t<\/figure>\n\t\t\t\t\t\t\t\t<div class=\"bloc_administration--item--content\">\n\t\t\t\t\t\t\t\t\t<h2>Marcel Veilleux<\/h2>\n\t\t\t\t\t\t\t\t\t<p>Administrateur<\/p>\n\t\t\t\t\t\t\t\t\t<div class=\"description\">\n\t\t\t\t\t\t\t\t\t\t<p>Entrepreneur visionnaire aux valeurs sociales profond\u00e9ment enracin\u00e9es, il consacre sa carri\u00e8re au d\u00e9veloppement de programmes communautaires. D\u00e9sirant offrir des services \u00e0 une tranche de la population alors souvent laiss\u00e9 pour contre, il ouvre en 1981 la R\u00e9sidence Emmanuel-Gr\u00e9goire, un des premiers centres r\u00e9sidentiels communautaire destin\u00e9e sp\u00e9cifiquement \u00e0 une client\u00e8le sous juridiction f\u00e9d\u00e9rale. Ce premier jalon marque la fondation de Soci\u00e9t\u00e9 Emmanuel-Gr\u00e9goire dont il sera \u00e0 la t\u00eate jusqu\u2019\u00e0 son d\u00e9part \u00e0 la retraite en 2015. C\u2019est \u00e0 Marcel que la Soci\u00e9t\u00e9 Emmanuel-Gr\u00e9goire doit ses valeurs d\u2019humanisme aujourd\u2019hui solidement ancr\u00e9es dans chacun de ses programmes.<\/p>\t\t\t\t\t\t\t\t\t<\/div>\n\t\t\t\t\t\t\t\t\t<a class=\"button-seg button-before readmore\">Lire plus<\/a>\n\t\t\t\t\t\t\t\t<\/div>\n\t\t\t\t\t\t\t<\/div>\n\t\t\t\t\t\t\t\t\t\t\t\t\t<div class=\"bloc_administration--item\">\n\t\t\t\t\t\t\t\t<figure>\n\t\t\t\t\t\t\t\t\t\t\t\t\t\t\t\t\t\t\t<img loading=\"lazy\" decoding=\"async\" width=\"898\" height=\"1226\" src=\"https:\/\/s-e-g.ca\/wp-content\/uploads\/2025\/04\/Jordi-web.jpg\" class=\"attachment-full size-full\" alt=\"\" srcset=\"https:\/\/s-e-g.ca\/wp-content\/uploads\/2025\/04\/Jordi-web.jpg 898w, https:\/\/s-e-g.ca\/wp-content\/uploads\/2025\/04\/Jordi-web-220x300.jpg 220w, https:\/\/s-e-g.ca\/wp-content\/uploads\/2025\/04\/Jordi-web-750x1024.jpg 750w, https:\/\/s-e-g.ca\/wp-content\/uploads\/2025\/04\/Jordi-web-768x1049.jpg 768w, https:\/\/s-e-g.ca\/wp-content\/uploads\/2025\/04\/Jordi-web-18x24.jpg 18w, https:\/\/s-e-g.ca\/wp-content\/uploads\/2025\/04\/Jordi-web-26x36.jpg 26w, https:\/\/s-e-g.ca\/wp-content\/uploads\/2025\/04\/Jordi-web-35x48.jpg 35w\" sizes=\"auto, (max-width: 898px) 100vw, 898px\" \/>\t\t\t\t\t\t\t\t\t\t\t\t\t\t\t\t\t<\/figure>\n\t\t\t\t\t\t\t\t<div class=\"bloc_administration--item--content\">\n\t\t\t\t\t\t\t\t\t<h2>Jordi Drouin<\/h2>\n\t\t\t\t\t\t\t\t\t<p>Administrateur<\/p>\n\t\t\t\t\t\t\t\t\t<div class=\"description\">\n\t\t\t\t\t\t\t\t\t\t<p>Titulaire d\u2019un baccalaur\u00e9at en G\u00e9nie \u00c9lectrique, il travaille depuis 2006 comme ing\u00e9nieur chez Hydro-Qu\u00e9bec. R\u00e9sident de Pointe-Aux-Trembles dont il est natif, il a c\u0153ur le bien-\u00eatre et le d\u00e9veloppement de la communaut\u00e9 de l\u2019Est de Montr\u00e9al au sein de laquelle le Soci\u00e9t\u00e9 Emmanuel-Gr\u00e9goire est enracin\u00e9e.<\/p>\t\t\t\t\t\t\t\t\t<\/div>\n\t\t\t\t\t\t\t\t\t<a class=\"button-seg button-before readmore\">Lire plus<\/a>\n\t\t\t\t\t\t\t\t<\/div>\n\t\t\t\t\t\t\t<\/div>\n\t\t\t\t\t\t\t\t\t\t\t<\/div>\n\t\t\t\t\t\t\t\t<\/div>\n<\/div>\n\n\n\n<div class=\"wp-block-ab-animate overflow-hidden\">\n<div class=\"container-fluid wave has-background\" style=\"background-color:#f8f6f4\">\n<p class=\"wp-block-paragraph\"><\/p>\n<\/div>\n<\/div>\n\n\n\n<div class=\"wp-block-ab-animate\">\n<div class=\"container-fluid has-background bs-Zdzdds\" style=\"background-color:#f8f6f4\">\n<div class=\"container bs-Z1Kb1YX\"><div class=\"wp-bootstrap-blocks-row row g-0\">\n\t\n\n<div class=\"col-12 col-lg-5\">\n\t\t\t\n\n<div class=\"wp-block-ab-animate bs-Z1P2u7M\">\n<h2 class=\"wp-block-heading bs-ZymXWk text-center text-lg-start\">Connaissez-vous<br><span>nos grands<br>ambassadeurs?<\/span><\/h2>\n\n\n\n<p class=\"para-administrateur has-text-color has-link-color bs-zsCKM text-center text-lg-start fst-italic wp-elements-e92c50bd7fa710503509b2f8e3cfa32e wp-block-paragraph\" style=\"color:#0e6275\">Le titre de grand ambassadeur est d\u00e9cern\u00e9<br>par la corporation \u00e0 des personnes ayant<br>rendu service \u00e0 la corporation, notamment<br>par leur travail ou par leurs donations,<br>en vue de promouvoir la r\u00e9alisation<br>des objectifs de la corporation.<\/p>\n<\/div>\n\n\t<\/div>\n\n\n\n<div class=\"col-12 col-lg-7\">\n\t\t\t\n\n<div class=\"wp-block-ab-animate bs-Z1jB90o\">\n<div class=\"wp-block-ab-animate bs-Z2mwXrI d-flex flex-xl-row flex-lg-column flex-column align-items-lg-start align-items-start\">\n<figure class=\"wp-block-image size-large border-a-propos flex-xl-shrink-0 bs-1lupfg\"><img loading=\"lazy\" decoding=\"async\" width=\"941\" height=\"1024\" src=\"https:\/\/s-e-g.ca\/wp-content\/uploads\/2025\/04\/Boulanger_Prosper-NB-941x1024.jpg\" alt=\"\" class=\"wp-image-1327\" srcset=\"https:\/\/s-e-g.ca\/wp-content\/uploads\/2025\/04\/Boulanger_Prosper-NB-941x1024.jpg 941w, https:\/\/s-e-g.ca\/wp-content\/uploads\/2025\/04\/Boulanger_Prosper-NB-276x300.jpg 276w, https:\/\/s-e-g.ca\/wp-content\/uploads\/2025\/04\/Boulanger_Prosper-NB-768x836.jpg 768w, https:\/\/s-e-g.ca\/wp-content\/uploads\/2025\/04\/Boulanger_Prosper-NB-1411x1536.jpg 1411w, https:\/\/s-e-g.ca\/wp-content\/uploads\/2025\/04\/Boulanger_Prosper-NB-1881x2048.jpg 1881w, https:\/\/s-e-g.ca\/wp-content\/uploads\/2025\/04\/Boulanger_Prosper-NB-22x24.jpg 22w, https:\/\/s-e-g.ca\/wp-content\/uploads\/2025\/04\/Boulanger_Prosper-NB-33x36.jpg 33w, https:\/\/s-e-g.ca\/wp-content\/uploads\/2025\/04\/Boulanger_Prosper-NB-44x48.jpg 44w\" sizes=\"auto, (max-width: 941px) 100vw, 941px\" \/><\/figure>\n\n\n\n<div class=\"wp-block-ab-animate\">\n<h5 class=\"wp-block-heading has-text-color has-link-color bs-2v5VSe wp-elements-434e80cf32cfab868480481e0c09bb8c\" style=\"color:#ed7152\">Prosper Boulanger<br><span>(1918\u20132022)<\/span><\/h5>\n\n\n\n<p class=\"br-admin has-text-color has-link-color bs-27llgY wp-elements-876b7165a04fd15d73c295f87e184593 wp-block-paragraph\" style=\"color:#0e6275\">Homme politique \u00e9lu d\u00e9put\u00e9 lib\u00e9ral de la circonscription Mercier lors de 6 \u00e9lections cons\u00e9cutives de 1962 \u00e0 1974. M. Boulanger apporte son appui au projet du 3<sup>e<\/sup> CRC de la corporation alors que la population locale est r\u00e9fractaire \u00e0 l\u2019accueil d\u2019une client\u00e8le judiciaris\u00e9e \u00e0 Pointe-aux-Trembles. Son implication sera d\u00e9terminante dans l\u2019ouverture en 1989 du CRC qui porte aujourd\u2019hui son nom.<\/p>\n<\/div>\n<\/div>\n\n\n\n<div class=\"wp-block-ab-animate d-flex flex-xl-row flex-lg-column flex-column align-items-start align-items-lg-start bs-Z1nybrI\">\n<figure class=\"wp-block-image size-full border-a-propos flex-xl-shrink-0 bs-Z2wzEmr\"><img loading=\"lazy\" decoding=\"async\" width=\"600\" height=\"600\" src=\"https:\/\/s-e-g.ca\/wp-content\/uploads\/2025\/04\/Roy_Pierre-NB.jpg\" alt=\"\" class=\"wp-image-1326\" srcset=\"https:\/\/s-e-g.ca\/wp-content\/uploads\/2025\/04\/Roy_Pierre-NB.jpg 600w, https:\/\/s-e-g.ca\/wp-content\/uploads\/2025\/04\/Roy_Pierre-NB-300x300.jpg 300w, https:\/\/s-e-g.ca\/wp-content\/uploads\/2025\/04\/Roy_Pierre-NB-150x150.jpg 150w, https:\/\/s-e-g.ca\/wp-content\/uploads\/2025\/04\/Roy_Pierre-NB-24x24.jpg 24w, https:\/\/s-e-g.ca\/wp-content\/uploads\/2025\/04\/Roy_Pierre-NB-36x36.jpg 36w, https:\/\/s-e-g.ca\/wp-content\/uploads\/2025\/04\/Roy_Pierre-NB-48x48.jpg 48w\" sizes=\"auto, (max-width: 600px) 100vw, 600px\" \/><\/figure>\n\n\n\n<div class=\"wp-block-ab-animate\">\n<h5 class=\"wp-block-heading has-text-color has-link-color bs-1eMI7d wp-elements-352d82b1a3f977eebf81ca7049066b0c\" style=\"color:#ed7152\">Pierre Roy<br><span>(1939-2019)<\/span><\/h5>\n\n\n\n<p class=\"ambassadeur br-admin has-text-color has-link-color bs-18p1fg wp-elements-fbe29071577d6fcaaebca4f27d5cb3af wp-block-paragraph\" style=\"color:#0e6275\">Entrepreneur communautaire M.Roy consacre sa carri\u00e8re au d\u00e9veloppement de programmes \u00e0 port\u00e9e sociale. Au tournant des ann\u00e9es 1990, il s\u2019implique dans la mise sur pied de services d\u2019h\u00e9bergement et de soins pour les sid\u00e9ens. Il s\u2019investira \u00e9galement aupr\u00e8s de la Conf\u00e9d\u00e9ration qu\u00e9b\u00e9coise des coop\u00e9ratives d\u2019habitation pour laquelle il agit \u00e0 titre de consultant pour le d\u00e9veloppement de coop\u00e9ratives d\u2019habitation pour les communaut\u00e9s Inuits. D\u00e9c\u00e9d\u00e9 en 2019, M. Roy a \u00e9t\u00e9 un administrateur impliqu\u00e9 de la Soci\u00e9t\u00e9 Emmanuel-Gr\u00e9goire de 1988 \u00e0 2016.<\/p>\n<\/div>\n<\/div>\n<\/div>\n\n\t<\/div>\n\n<\/div>\n<\/div>\n<\/div>\n<\/div>\n","protected":false},"excerpt":{"rendered":"","protected":false},"author":2,"featured_media":0,"parent":0,"menu_order":0,"comment_status":"closed","ping_status":"closed","template":"","meta":{"footnotes":""},"class_list":["post-26","page","type-page","status-publish","hentry"],"_links":{"self":[{"href":"https:\/\/s-e-g.ca\/fr\/wp-json\/wp\/v2\/pages\/26","targetHints":{"allow":["GET"]}}],"collection":[{"href":"https:\/\/s-e-g.ca\/fr\/wp-json\/wp\/v2\/pages"}],"about":[{"href":"https:\/\/s-e-g.ca\/fr\/wp-json\/wp\/v2\/types\/page"}],"author":[{"embeddable":true,"href":"https:\/\/s-e-g.ca\/fr\/wp-json\/wp\/v2\/users\/2"}],"replies":[{"embeddable":true,"href":"https:\/\/s-e-g.ca\/fr\/wp-json\/wp\/v2\/comments?post=26"}],"version-history":[{"count":5,"href":"https:\/\/s-e-g.ca\/fr\/wp-json\/wp\/v2\/pages\/26\/revisions"}],"predecessor-version":[{"id":1722,"href":"https:\/\/s-e-g.ca\/fr\/wp-json\/wp\/v2\/pages\/26\/revisions\/1722"}],"wp:attachment":[{"href":"https:\/\/s-e-g.ca\/fr\/wp-json\/wp\/v2\/media?parent=26"}],"curies":[{"name":"wp","href":"https:\/\/api.w.org\/{rel}","templated":true}]}}